{"id":2686,"date":"2019-09-10T15:11:50","date_gmt":"2019-09-10T13:11:50","guid":{"rendered":"https:\/\/lesnaturalistesdeletoile.com\/?page_id=2686"},"modified":"2025-10-05T21:12:44","modified_gmt":"2025-10-05T19:12:44","slug":"autres","status":"publish","type":"page","link":"https:\/\/lesnaturalistesdeletoile.com\/index.php\/autres\/","title":{"rendered":"Autres"},"content":{"rendered":"\n<table style=\"border-collapse: collapse;width: 95.6177%;height: 988px\">\n<tbody>\n<tr style=\"height: 21px\">\n<td style=\"width: 89.7796%;height: 55px\" colspan=\"5\">\n<div class=\"mceTemp\">&nbsp;<\/div>\n<table style=\"border-collapse: collapse;width: 100%;height: 21px\">\n<tbody>\n<tr style=\"height: 21px\">\n<td style=\"width: 30.808%;height: 21px\">\n<p><img loading=\"lazy\" decoding=\"async\" class=\" wp-image-1809\" src=\"https:\/\/lesnaturalistesdeletoile.com\/wp-content\/uploads\/2018\/02\/Polistes-sp.-Poliste-Aubenas-300x202.jpg\" alt=\"\" width=\"193\" height=\"130\" srcset=\"https:\/\/lesnaturalistesdeletoile.com\/wp-content\/uploads\/2018\/02\/Polistes-sp.-Poliste-Aubenas-300x202.jpg 300w, https:\/\/lesnaturalistesdeletoile.com\/wp-content\/uploads\/2018\/02\/Polistes-sp.-Poliste-Aubenas-768x516.jpg 768w, https:\/\/lesnaturalistesdeletoile.com\/wp-content\/uploads\/2018\/02\/Polistes-sp.-Poliste-Aubenas-1024x688.jpg 1024w, https:\/\/lesnaturalistesdeletoile.com\/wp-content\/uploads\/2018\/02\/Polistes-sp.-Poliste-Aubenas-1320x887.jpg 1320w\" sizes=\"auto, (max-width: 193px) 100vw, 193px\" \/><\/p>\n<\/td>\n<td style=\"width: 34.5118%;height: 21px\">\n<h1>&nbsp;<\/h1>\n<h1 style=\"text-align: left\"><em style=\"font-family: inherit;color: #333333;font-size: 23px;text-align: center\">Les Naturalistes de l&rsquo;Etoile<\/em><\/h1>\n<\/td>\n<td style=\"width: 34.6801%;height: 21px\">\n<p><img loading=\"lazy\" decoding=\"async\" class=\" wp-image-1791\" src=\"https:\/\/lesnaturalistesdeletoile.com\/wp-content\/uploads\/2018\/02\/Inachis-io-Paon-du-jour-Mazan-Ard\u00e8che-300x202.jpg\" alt=\"\" width=\"190\" height=\"128\" srcset=\"https:\/\/lesnaturalistesdeletoile.com\/wp-content\/uploads\/2018\/02\/Inachis-io-Paon-du-jour-Mazan-Ard\u00e8che-300x202.jpg 300w, https:\/\/lesnaturalistesdeletoile.com\/wp-content\/uploads\/2018\/02\/Inachis-io-Paon-du-jour-Mazan-Ard\u00e8che-768x516.jpg 768w, https:\/\/lesnaturalistesdeletoile.com\/wp-content\/uploads\/2018\/02\/Inachis-io-Paon-du-jour-Mazan-Ard\u00e8che-1024x688.jpg 1024w, https:\/\/lesnaturalistesdeletoile.com\/wp-content\/uploads\/2018\/02\/Inachis-io-Paon-du-jour-Mazan-Ard\u00e8che-1320x887.jpg 1320w, https:\/\/lesnaturalistesdeletoile.com\/wp-content\/uploads\/2018\/02\/Inachis-io-Paon-du-jour-Mazan-Ard\u00e8che.jpg 1609w\" sizes=\"auto, (max-width: 190px) 100vw, 190px\" \/><\/p>\n<\/td>\n<\/tr>\n<\/tbody>\n<\/table>\n<\/td>\n<\/tr>\n<tr style=\"height: 21px\">\n<td style=\"height: 51px\" colspan=\"3\">\n<h2>&nbsp;<\/h2>\n<h2>Autres sorties &#8230; Autres d\u00e9couvertes&nbsp;<\/h2>\n<p><em>Les documents pr\u00e9sent\u00e9s dans cette rubrique sont ceux qui ne rentrent pas dans les autres disciplines pr\u00e9sent\u00e9es sur notre site (Botanique, Mycologie, Lich\u00e9nologie, Bryologie et G\u00e9ologie).<\/em><\/p>\n<p><em>Ce sont la plupart du temps des comptes-rendus de sorties sur des th\u00e8mes pr\u00e9cis (ex : entomologie, p\u00e9dologie, araign\u00e9es\u2026) ou g\u00e9n\u00e9ralistes (on trouve un peu de toutes les disciplines dans leur contenu). <\/em><\/p>\n<\/td>\n<td style=\"width: 9.35942%;height: 51px\">&nbsp;<\/td>\n<td style=\"width: 9.29356%;height: 51px\">&nbsp;<\/td>\n<\/tr>\n<tr>\n<td style=\"width: 9.57218%;text-align: center\">\n<h4><strong>2025<\/strong><\/h4>\n<h4><strong>&nbsp;<\/strong><\/h4>\n<\/td>\n<td style=\"width: 15.7479%\">12 juin 2025<\/td>\n<td style=\"width: 45.8065%\">\n<p>Sortie entomologique et botanique \u00e0 Rians (83)<\/p>\n<\/td>\n<td style=\"width: 9.35942%\">&nbsp;<\/td>\n<td style=\"width: 9.29356%;text-align: center\"><a href=\"https:\/\/lesnaturalistesdeletoile.com\/wp-content\/uploads\/2025\/10\/2025-06-12-Rians-doc-photos.pdf\" target=\"_blank\" rel=\"noopener\"><img loading=\"lazy\" decoding=\"async\" class=\"aligncenter wp-image-7865\" src=\"https:\/\/lesnaturalistesdeletoile.com\/wp-content\/uploads\/2025\/10\/Autres-2025-Rians-insectes-294x300.jpg\" alt=\"\" width=\"60\" height=\"61\" srcset=\"https:\/\/lesnaturalistesdeletoile.com\/wp-content\/uploads\/2025\/10\/Autres-2025-Rians-insectes-294x300.jpg 294w, https:\/\/lesnaturalistesdeletoile.com\/wp-content\/uploads\/2025\/10\/Autres-2025-Rians-insectes-150x150.jpg 150w, https:\/\/lesnaturalistesdeletoile.com\/wp-content\/uploads\/2025\/10\/Autres-2025-Rians-insectes.jpg 407w\" sizes=\"auto, (max-width: 60px) 100vw, 60px\" \/><\/a><\/td>\n<\/tr>\n<tr>\n<td style=\"width: 9.57218%;text-align: center\">\n<h4>&nbsp;<\/h4>\n<h4><strong>&nbsp;<\/strong><\/h4>\n<\/td>\n<td style=\"width: 15.7479%\">3 juin 2025<\/td>\n<td style=\"width: 45.8065%\">\n<p>Sortie entomologique et botanique sur les cr\u00eates de la Sainte-Baume, du St Pilon au Paradis (83)<\/p>\n<\/td>\n<td style=\"width: 9.35942%\">&nbsp;<\/td>\n<td style=\"width: 9.29356%;text-align: center\"><a href=\"https:\/\/lesnaturalistesdeletoile.com\/wp-content\/uploads\/2025\/08\/2025-06-03-Doc-photos-fleurs-insectes.-Sainte-Baume.pdf\" target=\"_blank\" rel=\"noopener\"><img loading=\"lazy\" decoding=\"async\" class=\"aligncenter wp-image-7767\" src=\"https:\/\/lesnaturalistesdeletoile.com\/wp-content\/uploads\/2025\/08\/Autres-2025-Ste-Baume-insectes-294x300.jpg\" alt=\"\" width=\"60\" height=\"61\" srcset=\"https:\/\/lesnaturalistesdeletoile.com\/wp-content\/uploads\/2025\/08\/Autres-2025-Ste-Baume-insectes-294x300.jpg 294w, https:\/\/lesnaturalistesdeletoile.com\/wp-content\/uploads\/2025\/08\/Autres-2025-Ste-Baume-insectes-150x150.jpg 150w, https:\/\/lesnaturalistesdeletoile.com\/wp-content\/uploads\/2025\/08\/Autres-2025-Ste-Baume-insectes.jpg 407w\" sizes=\"auto, (max-width: 60px) 100vw, 60px\" \/><\/a><\/td>\n<\/tr>\n<tr>\n<td style=\"width: 9.57218%;text-align: center\">\n<h4><strong>2024<\/strong><\/h4>\n<h4><strong>&nbsp;<\/strong><\/h4>\n<\/td>\n<td style=\"width: 15.7479%\">27 mai 2024<\/td>\n<td style=\"width: 45.8065%\">\n<p>Sortie entomologique \u00e0 St Zacharie, La Taurelle (83), avec \u00c9ric Gabiot<\/p>\n<\/td>\n<td style=\"width: 9.35942%\">&nbsp;<\/td>\n<td style=\"width: 9.29356%;text-align: center\"><a href=\"https:\/\/lesnaturalistesdeletoile.com\/wp-content\/uploads\/2025\/07\/2024-05-27-Doc-photos-Insectes.-LaTaurelle.pdf\" target=\"_blank\" rel=\"noopener\"><img loading=\"lazy\" decoding=\"async\" class=\"aligncenter wp-image-7758\" src=\"https:\/\/lesnaturalistesdeletoile.com\/wp-content\/uploads\/2025\/07\/Autres-2024-La-Taurelle-insectes-294x300.jpg\" alt=\"\" width=\"60\" height=\"61\" srcset=\"https:\/\/lesnaturalistesdeletoile.com\/wp-content\/uploads\/2025\/07\/Autres-2024-La-Taurelle-insectes-294x300.jpg 294w, https:\/\/lesnaturalistesdeletoile.com\/wp-content\/uploads\/2025\/07\/Autres-2024-La-Taurelle-insectes-150x150.jpg 150w, https:\/\/lesnaturalistesdeletoile.com\/wp-content\/uploads\/2025\/07\/Autres-2024-La-Taurelle-insectes.jpg 407w\" sizes=\"auto, (max-width: 60px) 100vw, 60px\" \/><\/a><\/td>\n<\/tr>\n<tr>\n<td style=\"width: 9.57218%;text-align: center\">\n<h4>&nbsp;<\/h4>\n<h4><strong>&nbsp;<\/strong><\/h4>\n<\/td>\n<td style=\"width: 15.7479%\">7 juin 2023 et 22 mai 2024<\/td>\n<td style=\"width: 45.8065%\">\n<p>La Verdi\u00e8re (83) \u2013 Sentier du Cen-Paca (deux parties r\u00e9unies) &#8211; Doc insectes<\/p>\n<\/td>\n<td style=\"width: 9.35942%\">&nbsp;<\/td>\n<td style=\"width: 9.29356%;text-align: center\"><a href=\"https:\/\/lesnaturalistesdeletoile.com\/wp-content\/uploads\/2025\/05\/2024-05-22-Doc-photos-Insectes.-La-Verdiere.pdf\" target=\"_blank\" rel=\"noopener\"><img loading=\"lazy\" decoding=\"async\" class=\"aligncenter wp-image-7667\" src=\"https:\/\/lesnaturalistesdeletoile.com\/wp-content\/uploads\/2025\/05\/Autres-2024-La-Verdiere-insectes-294x300.jpg\" alt=\"\" width=\"60\" height=\"61\" srcset=\"https:\/\/lesnaturalistesdeletoile.com\/wp-content\/uploads\/2025\/05\/Autres-2024-La-Verdiere-insectes-294x300.jpg 294w, https:\/\/lesnaturalistesdeletoile.com\/wp-content\/uploads\/2025\/05\/Autres-2024-La-Verdiere-insectes-150x150.jpg 150w, https:\/\/lesnaturalistesdeletoile.com\/wp-content\/uploads\/2025\/05\/Autres-2024-La-Verdiere-insectes.jpg 407w\" sizes=\"auto, (max-width: 60px) 100vw, 60px\" \/><\/a><\/td>\n<\/tr>\n<tr>\n<td style=\"width: 9.57218%;text-align: center\">\n<h4><strong>2023<\/strong><\/h4>\n<h4><strong>&nbsp;<\/strong><\/h4>\n<\/td>\n<td style=\"width: 15.7479%\">Du 1er au 8 juillet 2023<\/td>\n<td style=\"width: 45.8065%\">\n<p>Doc-photos sur la flore et les insectes du Puy-de-D\u00f4me (R\u00e9gion du Sancy)<\/p>\n<\/td>\n<td style=\"width: 9.35942%\">&nbsp;<\/td>\n<td style=\"width: 9.29356%;text-align: center\"><a href=\"https:\/\/lesnaturalistesdeletoile.com\/wp-content\/uploads\/2024\/09\/2023-07-01-Puy-de-Dome-doc-photos.pdf\" target=\"_blank\" rel=\"noopener\"><img loading=\"lazy\" decoding=\"async\" class=\"aligncenter wp-image-7010\" src=\"https:\/\/lesnaturalistesdeletoile.com\/wp-content\/uploads\/2024\/09\/Bota-2023-Icone-doc-photos-Puy-de-Dome-294x300.jpg\" alt=\"\" width=\"60\" height=\"61\" srcset=\"https:\/\/lesnaturalistesdeletoile.com\/wp-content\/uploads\/2024\/09\/Bota-2023-Icone-doc-photos-Puy-de-Dome-294x300.jpg 294w, https:\/\/lesnaturalistesdeletoile.com\/wp-content\/uploads\/2024\/09\/Bota-2023-Icone-doc-photos-Puy-de-Dome-150x150.jpg 150w, https:\/\/lesnaturalistesdeletoile.com\/wp-content\/uploads\/2024\/09\/Bota-2023-Icone-doc-photos-Puy-de-Dome.jpg 407w\" sizes=\"auto, (max-width: 60px) 100vw, 60px\" \/><\/a><\/td>\n<\/tr>\n<tr>\n<td style=\"width: 9.57218%;text-align: center\">\n<h4><strong>&nbsp;<\/strong><\/h4>\n<h4><strong>&nbsp;<\/strong><\/h4>\n<\/td>\n<td style=\"width: 15.7479%\">21 juin 2023<\/td>\n<td style=\"width: 45.8065%\">\n<p>Sortie entomologique \u00e0 Entrevennes (04), avec Pierre Frapa<\/p>\n<\/td>\n<td style=\"width: 9.35942%\">&nbsp;<\/td>\n<td style=\"width: 9.29356%;text-align: center\"><a href=\"https:\/\/lesnaturalistesdeletoile.com\/wp-content\/uploads\/2023\/10\/2023-06-21-Entrevennes-doc-photos.pdf\" target=\"_blank\" rel=\"noopener\"><img loading=\"lazy\" decoding=\"async\" class=\"aligncenter wp-image-6365\" src=\"https:\/\/lesnaturalistesdeletoile.com\/wp-content\/uploads\/2023\/08\/Autres-2023-Entrevennes-294x300.jpg\" alt=\"\" width=\"60\" height=\"61\" srcset=\"https:\/\/lesnaturalistesdeletoile.com\/wp-content\/uploads\/2023\/08\/Autres-2023-Entrevennes-294x300.jpg 294w, https:\/\/lesnaturalistesdeletoile.com\/wp-content\/uploads\/2023\/08\/Autres-2023-Entrevennes-150x150.jpg 150w, https:\/\/lesnaturalistesdeletoile.com\/wp-content\/uploads\/2023\/08\/Autres-2023-Entrevennes.jpg 407w\" sizes=\"auto, (max-width: 60px) 100vw, 60px\" \/><\/a><\/td>\n<\/tr>\n<tr>\n<td style=\"width: 9.57218%;text-align: center\">\n<h4><strong>&nbsp;<\/strong><\/h4>\n<h4><strong>&nbsp;<\/strong><\/h4>\n<\/td>\n<td style=\"width: 15.7479%\">5 avril 2023<\/td>\n<td style=\"width: 45.8065%\">\n<p>Balade naturaliste dans les collines de La Barasse, Marseille 11e (13)<\/p>\n<\/td>\n<td style=\"width: 9.35942%\">&nbsp;<\/td>\n<td style=\"width: 9.29356%;text-align: center\"><a href=\"https:\/\/lesnaturalistesdeletoile.com\/wp-content\/uploads\/2023\/05\/2023-04-05-La-Barasse-Marseille-doc.photos-.pdf\" target=\"_blank\" rel=\"noopener\"><img loading=\"lazy\" decoding=\"async\" class=\"aligncenter wp-image-6238\" src=\"https:\/\/lesnaturalistesdeletoile.com\/wp-content\/uploads\/2023\/05\/Autres-2023-La-Barasse-294x300.jpg\" alt=\"\" width=\"60\" height=\"61\" srcset=\"https:\/\/lesnaturalistesdeletoile.com\/wp-content\/uploads\/2023\/05\/Autres-2023-La-Barasse-294x300.jpg 294w, https:\/\/lesnaturalistesdeletoile.com\/wp-content\/uploads\/2023\/05\/Autres-2023-La-Barasse-150x150.jpg 150w, https:\/\/lesnaturalistesdeletoile.com\/wp-content\/uploads\/2023\/05\/Autres-2023-La-Barasse.jpg 407w\" sizes=\"auto, (max-width: 60px) 100vw, 60px\" \/><\/a><\/td>\n<\/tr>\n<tr>\n<td style=\"width: 9.57218%;text-align: center\">\n<h4><strong>&nbsp;<\/strong><\/h4>\n<h4><strong>&nbsp;<\/strong><\/h4>\n<\/td>\n<td style=\"width: 15.7479%\">13 mars 2023<\/td>\n<td style=\"width: 45.8065%\">\n<p>Balade naturaliste sur la colline de La Quille, au Puy-Sainte-R\u00e9parade (13)<\/p>\n<\/td>\n<td style=\"width: 9.35942%\">&nbsp;<\/td>\n<td style=\"width: 9.29356%\"><a href=\"https:\/\/lesnaturalistesdeletoile.com\/wp-content\/uploads\/2023\/04\/2023-03-13-La-Quille-Puy-Ste-Reparade-doc.photos-.pdf\" target=\"_blank\" rel=\"noopener\"><img loading=\"lazy\" decoding=\"async\" class=\"wp-image-6230 aligncenter\" src=\"https:\/\/lesnaturalistesdeletoile.com\/wp-content\/uploads\/2023\/04\/Autres-2023-La-Quille-Puy-Ste-Reparade-294x300.jpg\" alt=\"\" width=\"60\" height=\"61\" srcset=\"https:\/\/lesnaturalistesdeletoile.com\/wp-content\/uploads\/2023\/04\/Autres-2023-La-Quille-Puy-Ste-Reparade-294x300.jpg 294w, https:\/\/lesnaturalistesdeletoile.com\/wp-content\/uploads\/2023\/04\/Autres-2023-La-Quille-Puy-Ste-Reparade-150x150.jpg 150w, https:\/\/lesnaturalistesdeletoile.com\/wp-content\/uploads\/2023\/04\/Autres-2023-La-Quille-Puy-Ste-Reparade.jpg 407w\" sizes=\"auto, (max-width: 60px) 100vw, 60px\" \/><\/a><\/td>\n<\/tr>\n<tr>\n<td style=\"width: 9.57218%;text-align: center\">\n<h4><strong>&nbsp;<\/strong><\/h4>\n<h4><strong>&nbsp;<\/strong><\/h4>\n<\/td>\n<td style=\"width: 15.7479%\">23 janvier 2023<\/td>\n<td style=\"width: 45.8065%\">\n<p>Balade naturaliste dans les Alpilles, \u00e0 Mouri\u00e8s (13)<\/p>\n<\/td>\n<td style=\"width: 9.35942%\">&nbsp;<\/td>\n<td style=\"width: 9.29356%\"><a href=\"https:\/\/lesnaturalistesdeletoile.com\/wp-content\/uploads\/2023\/02\/2023-01-23-Alpilles-Mouries-doc.photos-.pdf\" target=\"_blank\" rel=\"noopener\"><img loading=\"lazy\" decoding=\"async\" class=\"aligncenter wp-image-6135\" src=\"https:\/\/lesnaturalistesdeletoile.com\/wp-content\/uploads\/2023\/02\/Autres-2023-Alpilles-Mouries-294x300.jpg\" alt=\"\" width=\"60\" height=\"61\" srcset=\"https:\/\/lesnaturalistesdeletoile.com\/wp-content\/uploads\/2023\/02\/Autres-2023-Alpilles-Mouries-294x300.jpg 294w, https:\/\/lesnaturalistesdeletoile.com\/wp-content\/uploads\/2023\/02\/Autres-2023-Alpilles-Mouries-150x150.jpg 150w, https:\/\/lesnaturalistesdeletoile.com\/wp-content\/uploads\/2023\/02\/Autres-2023-Alpilles-Mouries.jpg 407w\" sizes=\"auto, (max-width: 60px) 100vw, 60px\" \/><\/a><\/td>\n<\/tr>\n<tr>\n<td style=\"width: 9.57218%;text-align: center\">\n<h4><strong>2022<\/strong><\/h4>\n<h4><strong>&nbsp;<\/strong><\/h4>\n<\/td>\n<td style=\"width: 15.7479%\">2 mars 2022<\/td>\n<td style=\"width: 45.8065%\">\n<p>Balade naturaliste \u00e0 Maussane-les-Alpilles (13)<\/p>\n<\/td>\n<td style=\"width: 9.35942%\">&nbsp;<\/td>\n<td style=\"width: 9.29356%\"><a href=\"https:\/\/lesnaturalistesdeletoile.com\/wp-content\/uploads\/2022\/06\/2022-03-02-Maussane-doc-photos.pdf\" target=\"_blank\" rel=\"noopener\"><img loading=\"lazy\" decoding=\"async\" class=\"wp-image-5826 aligncenter\" src=\"https:\/\/lesnaturalistesdeletoile.com\/wp-content\/uploads\/2022\/06\/Autres-2022-Maussane-294x300.jpg\" alt=\"\" width=\"60\" height=\"61\" srcset=\"https:\/\/lesnaturalistesdeletoile.com\/wp-content\/uploads\/2022\/06\/Autres-2022-Maussane-294x300.jpg 294w, https:\/\/lesnaturalistesdeletoile.com\/wp-content\/uploads\/2022\/06\/Autres-2022-Maussane-150x150.jpg 150w, https:\/\/lesnaturalistesdeletoile.com\/wp-content\/uploads\/2022\/06\/Autres-2022-Maussane.jpg 407w\" sizes=\"auto, (max-width: 60px) 100vw, 60px\" \/><\/a><\/td>\n<\/tr>\n<tr>\n<td style=\"width: 9.57218%;text-align: center\">\n<h4><strong>&nbsp;<\/strong><\/h4>\n<\/td>\n<td style=\"width: 15.7479%\">23 f\u00e9vrier 2022<\/td>\n<td style=\"width: 45.8065%\">\n<p>Balade naturaliste aux Taillades, pr\u00e8s de Cavaillon (84)<\/p>\n<\/td>\n<td style=\"width: 9.35942%\">&nbsp;<\/td>\n<td style=\"width: 9.29356%\"><a href=\"https:\/\/lesnaturalistesdeletoile.com\/wp-content\/uploads\/2022\/04\/2022-02-23-Les-Taillades-doc.photos-.pdf\" target=\"_blank\" rel=\"noopener\"><img loading=\"lazy\" decoding=\"async\" class=\"wp-image-5727 size-full aligncenter\" src=\"https:\/\/lesnaturalistesdeletoile.com\/wp-content\/uploads\/2022\/04\/Autres-2022-Taillades-e1650981804167.jpg\" alt=\"\" width=\"60\" height=\"61\"><\/a><\/td>\n<\/tr>\n<tr>\n<td style=\"width: 9.57218%;text-align: center\">\n<h4><strong>2021<\/strong><\/h4>\n<h4><strong>&nbsp;<\/strong><\/h4>\n<\/td>\n<td style=\"width: 15.7479%\">Du 27 juin au 2 juillet 2021<\/td>\n<td style=\"width: 45.8065%\">\n<p>Doc-photos sur la flore (+ mousses, lichens, insectes) des Hautes-Pyr\u00e9n\u00e9es (65)<\/p>\n<\/td>\n<td style=\"width: 9.35942%\">&nbsp;<\/td>\n<td style=\"width: 9.29356%\"><a href=\"https:\/\/lesnaturalistesdeletoile.com\/wp-content\/uploads\/2022\/06\/2021-06-27-Hautes-Pyrenees-doc-photos.pdf\" target=\"_blank\" rel=\"noopener\"><img loading=\"lazy\" decoding=\"async\" class=\"wp-image-5889 aligncenter\" src=\"https:\/\/lesnaturalistesdeletoile.com\/wp-content\/uploads\/2022\/06\/Bota-2021-Icone-doc-photos-Pyrenees-294x300.jpg\" alt=\"\" width=\"60\" height=\"61\" srcset=\"https:\/\/lesnaturalistesdeletoile.com\/wp-content\/uploads\/2022\/06\/Bota-2021-Icone-doc-photos-Pyrenees-294x300.jpg 294w, https:\/\/lesnaturalistesdeletoile.com\/wp-content\/uploads\/2022\/06\/Bota-2021-Icone-doc-photos-Pyrenees-150x150.jpg 150w, https:\/\/lesnaturalistesdeletoile.com\/wp-content\/uploads\/2022\/06\/Bota-2021-Icone-doc-photos-Pyrenees.jpg 407w\" sizes=\"auto, (max-width: 60px) 100vw, 60px\" \/><\/a><\/td>\n<\/tr>\n<tr>\n<td style=\"width: 9.57218%;text-align: center\">\n<h4><strong>2020<\/strong><\/h4>\n<h4 style=\"text-align: center\"><strong>&nbsp;<\/strong><\/h4>\n<\/td>\n<td style=\"width: 15.7479%\">Du 28 juin au 3 juillet 2020<\/td>\n<td style=\"width: 45.8065%\">\n<p>Doc-photos sur la flore et les insectes des Hautes-Alpes (Gapen\u00e7ais, Champsaur, Valgaudemar) (05)<\/p>\n<p><em>Avec inventaire des insectes en fin de document.<\/em><\/p>\n<\/td>\n<td style=\"width: 9.35942%\">&nbsp;<\/td>\n<td style=\"width: 9.29356%\"><a href=\"https:\/\/lesnaturalistesdeletoile.com\/wp-content\/uploads\/2021\/02\/2020-06-28-Hautes-Alpes-doc-photos.pdf\" target=\"_blank\" rel=\"noopener\"><img loading=\"lazy\" decoding=\"async\" class=\"aligncenter wp-image-5081\" src=\"https:\/\/lesnaturalistesdeletoile.com\/wp-content\/uploads\/2021\/02\/Bota-2020-Icone-doc-photos-Hautes-Alpes-294x300.jpg\" alt=\"\" width=\"60\" height=\"61\" srcset=\"https:\/\/lesnaturalistesdeletoile.com\/wp-content\/uploads\/2021\/02\/Bota-2020-Icone-doc-photos-Hautes-Alpes-294x300.jpg 294w, https:\/\/lesnaturalistesdeletoile.com\/wp-content\/uploads\/2021\/02\/Bota-2020-Icone-doc-photos-Hautes-Alpes-150x150.jpg 150w, https:\/\/lesnaturalistesdeletoile.com\/wp-content\/uploads\/2021\/02\/Bota-2020-Icone-doc-photos-Hautes-Alpes.jpg 407w\" sizes=\"auto, (max-width: 60px) 100vw, 60px\" \/><\/a><\/td>\n<\/tr>\n<tr style=\"height: 21px\">\n<td style=\"width: 9.57218%;height: 46px;text-align: center\">\n<h4 style=\"text-align: center\"><strong>2019<\/strong><\/h4>\n<\/td>\n<td style=\"width: 15.7479%;height: 46px\">28 mars<\/td>\n<td style=\"width: 45.8065%;height: 46px\" width=\"519\">Balade naturaliste au Caramy (83)<\/td>\n<td style=\"width: 9.35942%;height: 46px\">&nbsp;<\/td>\n<td style=\"width: 9.29356%;height: 46px\">&nbsp;<\/td>\n<\/tr>\n<tr style=\"height: 21px\">\n<td style=\"width: 9.57218%;height: 21px;text-align: center\">&nbsp;<\/td>\n<td style=\"width: 15.7479%;height: 21px\">&nbsp;22 mars<\/td>\n<td style=\"width: 45.8065%;height: 21px\" width=\"519\">Lourmarin-Buoux &#8211; Balade naturaliste (avec Philippe Largois)<\/td>\n<td style=\"width: 9.35942%;height: 21px\">&nbsp;<\/td>\n<td style=\"width: 9.29356%;height: 21px\"><a href=\"https:\/\/lesnaturalistesdeletoile.com\/wp-content\/uploads\/2021\/03\/2019-03-12-Compte-rendu-Sortie-Ecologie-Lourmarin-Buoux.pdf\" target=\"_blank\" rel=\"noopener\"><img loading=\"lazy\" decoding=\"async\" class=\"wp-image-1113 aligncenter\" src=\"https:\/\/lesnaturalistesdeletoile.com\/wp-content\/uploads\/2018\/01\/Lichens-Ic\u00f4ne-en-t\u00eate-Doc-photos-294x300.jpg\" alt=\"\" width=\"60\" height=\"61\" srcset=\"https:\/\/lesnaturalistesdeletoile.com\/wp-content\/uploads\/2018\/01\/Lichens-Ic\u00f4ne-en-t\u00eate-Doc-photos-294x300.jpg 294w, https:\/\/lesnaturalistesdeletoile.com\/wp-content\/uploads\/2018\/01\/Lichens-Ic\u00f4ne-en-t\u00eate-Doc-photos-150x150.jpg 150w, https:\/\/lesnaturalistesdeletoile.com\/wp-content\/uploads\/2018\/01\/Lichens-Ic\u00f4ne-en-t\u00eate-Doc-photos.jpg 407w\" sizes=\"auto, (max-width: 60px) 100vw, 60px\" \/><\/a><\/td>\n<\/tr>\n<tr style=\"height: 21px\">\n<td style=\"width: 9.57218%;height: 60px;text-align: center\">\n<h4><strong>2018<\/strong><\/h4>\n<\/td>\n<td style=\"width: 15.7479%;height: 60px\">29 novembre<\/td>\n<td style=\"width: 45.8065%;height: 60px\" width=\"519\">Mimet, les cr\u00eates et le Baou Traouqua (avec Philippe Largois)<\/td>\n<td style=\"width: 9.35942%;height: 60px\"><a href=\"https:\/\/lesnaturalistesdeletoile.com\/wp-content\/uploads\/2019\/09\/2018-11-29-Compte-rendu-Sortie-Ecologie-Mimet.pdf\" target=\"_blank\" rel=\"noopener noreferrer\"><img loading=\"lazy\" decoding=\"async\" class=\"aligncenter wp-image-1102\" src=\"https:\/\/lesnaturalistesdeletoile.com\/wp-content\/uploads\/2018\/01\/Bryologie-Ic\u00f4ne-en-t\u00eate-Doc-photos-294x300.jpg\" alt=\"\" width=\"60\" height=\"61\" srcset=\"https:\/\/lesnaturalistesdeletoile.com\/wp-content\/uploads\/2018\/01\/Bryologie-Ic\u00f4ne-en-t\u00eate-Doc-photos-294x300.jpg 294w, https:\/\/lesnaturalistesdeletoile.com\/wp-content\/uploads\/2018\/01\/Bryologie-Ic\u00f4ne-en-t\u00eate-Doc-photos-150x150.jpg 150w, https:\/\/lesnaturalistesdeletoile.com\/wp-content\/uploads\/2018\/01\/Bryologie-Ic\u00f4ne-en-t\u00eate-Doc-photos.jpg 407w\" sizes=\"auto, (max-width: 60px) 100vw, 60px\" \/><\/a><\/td>\n<td style=\"width: 9.29356%;height: 60px\"><a href=\"https:\/\/lesnaturalistesdeletoile.com\/wp-content\/uploads\/2019\/09\/2018-11-29-Fossiles-du-Baou-Traouqua-Mimet.pdf\" target=\"_blank\" rel=\"noopener noreferrer\"><img loading=\"lazy\" decoding=\"async\" class=\"aligncenter wp-image-1102\" src=\"https:\/\/lesnaturalistesdeletoile.com\/wp-content\/uploads\/2018\/01\/Bryologie-Ic\u00f4ne-en-t\u00eate-Doc-photos-294x300.jpg\" alt=\"\" width=\"60\" height=\"61\" srcset=\"https:\/\/lesnaturalistesdeletoile.com\/wp-content\/uploads\/2018\/01\/Bryologie-Ic\u00f4ne-en-t\u00eate-Doc-photos-294x300.jpg 294w, https:\/\/lesnaturalistesdeletoile.com\/wp-content\/uploads\/2018\/01\/Bryologie-Ic\u00f4ne-en-t\u00eate-Doc-photos-150x150.jpg 150w, https:\/\/lesnaturalistesdeletoile.com\/wp-content\/uploads\/2018\/01\/Bryologie-Ic\u00f4ne-en-t\u00eate-Doc-photos.jpg 407w\" sizes=\"auto, (max-width: 60px) 100vw, 60px\" \/><\/a><\/td>\n<\/tr>\n<tr style=\"height: 21px\">\n<td style=\"width: 9.57218%;height: 69px;text-align: center\">&nbsp;<\/td>\n<td style=\"width: 15.7479%;height: 69px\">13 septembre<\/td>\n<td style=\"width: 45.8065%\" width=\"505\">Roques-Hautes : D\u00e9couverte des araign\u00e9es, avec Anne Bounias-Delacour<\/td>\n<td style=\"width: 9.35942%;height: 69px\">&nbsp;<\/td>\n<td style=\"width: 9.29356%;height: 69px\"><a href=\"https:\/\/lesnaturalistesdeletoile.com\/wp-content\/uploads\/2019\/09\/2018-09-13-Compte-rendu-Sortie-Araign\u00e9es.pdf\" target=\"_blank\" rel=\"noopener noreferrer\"><img loading=\"lazy\" decoding=\"async\" class=\"aligncenter wp-image-1102\" src=\"https:\/\/lesnaturalistesdeletoile.com\/wp-content\/uploads\/2018\/01\/Bryologie-Ic\u00f4ne-en-t\u00eate-Doc-photos-294x300.jpg\" alt=\"\" width=\"60\" height=\"61\" srcset=\"https:\/\/lesnaturalistesdeletoile.com\/wp-content\/uploads\/2018\/01\/Bryologie-Ic\u00f4ne-en-t\u00eate-Doc-photos-294x300.jpg 294w, https:\/\/lesnaturalistesdeletoile.com\/wp-content\/uploads\/2018\/01\/Bryologie-Ic\u00f4ne-en-t\u00eate-Doc-photos-150x150.jpg 150w, https:\/\/lesnaturalistesdeletoile.com\/wp-content\/uploads\/2018\/01\/Bryologie-Ic\u00f4ne-en-t\u00eate-Doc-photos.jpg 407w\" sizes=\"auto, (max-width: 60px) 100vw, 60px\" \/><\/a><\/td>\n<\/tr>\n<tr>\n<td style=\"width: 9.57218%;text-align: center\">\n<h4>2017<\/h4>\n<\/td>\n<td style=\"width: 15.7479%\" width=\"173\">Du 18 au 23 juin 2017<\/td>\n<td style=\"width: 45.8065%\" width=\"505\">Stage de g\u00e9ologie dans les C\u00e9vennes &#8211; Petit aper\u00e7u naturaliste<\/td>\n<td style=\"width: 9.35942%\">&nbsp;<\/td>\n<td style=\"width: 9.29356%\"><a href=\"https:\/\/lesnaturalistesdeletoile.com\/wp-content\/uploads\/2019\/09\/2017-06-18-C\u00e9vennes-Aper\u00e7u-naturaliste-doc-photos.pdf\" target=\"_blank\" rel=\"noopener noreferrer\"><img loading=\"lazy\" decoding=\"async\" class=\"aligncenter wp-image-2722\" src=\"https:\/\/lesnaturalistesdeletoile.com\/wp-content\/uploads\/2019\/09\/Ic\u00f4ne-Lichens-Doc-photos-294x300.jpg\" alt=\"\" width=\"60\" height=\"61\" srcset=\"https:\/\/lesnaturalistesdeletoile.com\/wp-content\/uploads\/2019\/09\/Ic\u00f4ne-Lichens-Doc-photos-294x300.jpg 294w, https:\/\/lesnaturalistesdeletoile.com\/wp-content\/uploads\/2019\/09\/Ic\u00f4ne-Lichens-Doc-photos-150x150.jpg 150w, https:\/\/lesnaturalistesdeletoile.com\/wp-content\/uploads\/2019\/09\/Ic\u00f4ne-Lichens-Doc-photos.jpg 407w\" sizes=\"auto, (max-width: 60px) 100vw, 60px\" \/><\/a><\/td>\n<\/tr>\n<tr style=\"height: 21px\">\n<td style=\"width: 9.57218%;height: 67px;text-align: center\">\n<h4><strong>2016<\/strong><\/h4>\n<\/td>\n<td style=\"width: 15.7479%;height: 67px\">9 d\u00e9cembre<\/td>\n<td style=\"width: 45.8065%;height: 67px\" width=\"519\">Petite Camargue, St Chamas (13) &#8211; Observation de la microfaune des roseli\u00e8res<\/td>\n<td style=\"width: 9.35942%;height: 67px\">&nbsp;<\/td>\n<td style=\"width: 9.29356%;height: 67px\"><a href=\"https:\/\/lesnaturalistesdeletoile.com\/wp-content\/uploads\/2019\/09\/2016-12-09-Compte-rendu-Petite-Camargue.pdf\" target=\"_blank\" rel=\"noopener noreferrer\"><img loading=\"lazy\" decoding=\"async\" class=\"aligncenter wp-image-1102\" src=\"https:\/\/lesnaturalistesdeletoile.com\/wp-content\/uploads\/2018\/01\/Bryologie-Ic\u00f4ne-en-t\u00eate-Doc-photos-294x300.jpg\" alt=\"\" width=\"60\" height=\"61\" srcset=\"https:\/\/lesnaturalistesdeletoile.com\/wp-content\/uploads\/2018\/01\/Bryologie-Ic\u00f4ne-en-t\u00eate-Doc-photos-294x300.jpg 294w, https:\/\/lesnaturalistesdeletoile.com\/wp-content\/uploads\/2018\/01\/Bryologie-Ic\u00f4ne-en-t\u00eate-Doc-photos-150x150.jpg 150w, https:\/\/lesnaturalistesdeletoile.com\/wp-content\/uploads\/2018\/01\/Bryologie-Ic\u00f4ne-en-t\u00eate-Doc-photos.jpg 407w\" sizes=\"auto, (max-width: 60px) 100vw, 60px\" \/><\/a><\/td>\n<\/tr>\n<tr style=\"height: 21px\">\n<td style=\"width: 9.57218%;height: 67px;text-align: center\">&nbsp;<\/td>\n<td style=\"width: 15.7479%;height: 67px\">8 avril<\/td>\n<td style=\"width: 45.8065%;height: 67px\" width=\"519\">P\u00e9dologie (initiation) \u00e0 la Sainte-Baume (83) &#8211; Observation de la microfaune<\/td>\n<td style=\"width: 9.35942%;height: 67px\">&nbsp;<\/td>\n<td style=\"width: 9.29356%;height: 67px\"><a href=\"https:\/\/lesnaturalistesdeletoile.com\/wp-content\/uploads\/2019\/09\/2016-04-08-Compte-rendu-Sortie-p\u00e9dologie-Ste-Baume.pdf\" target=\"_blank\" rel=\"noopener noreferrer\"><img loading=\"lazy\" decoding=\"async\" class=\"aligncenter wp-image-1102\" src=\"https:\/\/lesnaturalistesdeletoile.com\/wp-content\/uploads\/2018\/01\/Bryologie-Ic\u00f4ne-en-t\u00eate-Doc-photos-294x300.jpg\" alt=\"\" width=\"60\" height=\"61\" srcset=\"https:\/\/lesnaturalistesdeletoile.com\/wp-content\/uploads\/2018\/01\/Bryologie-Ic\u00f4ne-en-t\u00eate-Doc-photos-294x300.jpg 294w, https:\/\/lesnaturalistesdeletoile.com\/wp-content\/uploads\/2018\/01\/Bryologie-Ic\u00f4ne-en-t\u00eate-Doc-photos-150x150.jpg 150w, https:\/\/lesnaturalistesdeletoile.com\/wp-content\/uploads\/2018\/01\/Bryologie-Ic\u00f4ne-en-t\u00eate-Doc-photos.jpg 407w\" sizes=\"auto, (max-width: 60px) 100vw, 60px\" \/><\/a><\/td>\n<\/tr>\n<\/tbody>\n<\/table>\n<h3>Images li\u00e9es:<\/h3>","protected":false},"excerpt":{"rendered":"<p>&nbsp; &nbsp; Les Naturalistes de l&rsquo;Etoile &nbsp; Autres sorties &#8230; Autres d\u00e9couvertes&nbsp; Les documents pr\u00e9sent\u00e9s dans cette rubrique sont ceux qui ne rentrent pas dans les autres disciplines pr\u00e9sent\u00e9es sur notre site (Botanique, Mycologie, Lich\u00e9nologie, Bryologie et G\u00e9ologie). Ce sont la plupart du temps des comptes-rendus de sorties sur des th\u00e8mes pr\u00e9cis (ex : entomologie, [&hellip;]<\/p>\n","protected":false},"author":2,"featured_media":0,"parent":0,"menu_order":0,"comment_status":"closed","ping_status":"closed","template":"","meta":{"ngg_post_thumbnail":0,"ocean_post_layout":"","ocean_both_sidebars_style":"","ocean_both_sidebars_content_width":0,"ocean_both_sidebars_sidebars_width":0,"ocean_sidebar":"0","ocean_second_sidebar":"0","ocean_disable_margins":"enable","ocean_add_body_class":"","ocean_shortcode_before_top_bar":"","ocean_shortcode_after_top_bar":"","ocean_shortcode_before_header":"","ocean_shortcode_after_header":"","ocean_has_shortcode":"","ocean_shortcode_after_title":"","ocean_shortcode_before_footer_widgets":"","ocean_shortcode_after_footer_widgets":"","ocean_shortcode_before_footer_bottom":"","ocean_shortcode_after_footer_bottom":"","ocean_display_top_bar":"default","ocean_display_header":"default","ocean_header_style":"","ocean_center_header_left_menu":"0","ocean_custom_header_template":"0","ocean_custom_logo":0,"ocean_custom_retina_logo":0,"ocean_custom_logo_max_width":0,"ocean_custom_logo_tablet_max_width":0,"ocean_custom_logo_mobile_max_width":0,"ocean_custom_logo_max_height":0,"ocean_custom_logo_tablet_max_height":0,"ocean_custom_logo_mobile_max_height":0,"ocean_header_custom_menu":"0","ocean_menu_typo_font_family":"0","ocean_menu_typo_font_subset":"","ocean_menu_typo_font_size":0,"ocean_menu_typo_font_size_tablet":0,"ocean_menu_typo_font_size_mobile":0,"ocean_menu_typo_font_size_unit":"px","ocean_menu_typo_font_weight":"","ocean_menu_typo_font_weight_tablet":"","ocean_menu_typo_font_weight_mobile":"","ocean_menu_typo_transform":"","ocean_menu_typo_transform_tablet":"","ocean_menu_typo_transform_mobile":"","ocean_menu_typo_line_height":0,"ocean_menu_typo_line_height_tablet":0,"ocean_menu_typo_line_height_mobile":0,"ocean_menu_typo_line_height_unit":"","ocean_menu_typo_spacing":0,"ocean_menu_typo_spacing_tablet":0,"ocean_menu_typo_spacing_mobile":0,"ocean_menu_typo_spacing_unit":"","ocean_menu_link_color":"","ocean_menu_link_color_hover":"","ocean_menu_link_color_active":"","ocean_menu_link_background":"","ocean_menu_link_hover_background":"","ocean_menu_link_active_background":"","ocean_menu_social_links_bg":"","ocean_menu_social_hover_links_bg":"","ocean_menu_social_links_color":"","ocean_menu_social_hover_links_color":"","ocean_disable_title":"default","ocean_disable_heading":"default","ocean_post_title":"","ocean_post_subheading":"","ocean_post_title_style":"","ocean_post_title_background_color":"","ocean_post_title_background":0,"ocean_post_title_bg_image_position":"","ocean_post_title_bg_image_attachment":"","ocean_post_title_bg_image_repeat":"","ocean_post_title_bg_image_size":"","ocean_post_title_height":0,"ocean_post_title_bg_overlay":0.5,"ocean_post_title_bg_overlay_color":"","ocean_disable_breadcrumbs":"default","ocean_breadcrumbs_color":"","ocean_breadcrumbs_separator_color":"","ocean_breadcrumbs_links_color":"","ocean_breadcrumbs_links_hover_color":"","ocean_display_footer_widgets":"default","ocean_display_footer_bottom":"default","ocean_custom_footer_template":"0","footnotes":""},"class_list":["post-2686","page","type-page","status-publish","hentry","entry"],"aioseo_notices":[],"_links":{"self":[{"href":"https:\/\/lesnaturalistesdeletoile.com\/index.php\/wp-json\/wp\/v2\/pages\/2686","targetHints":{"allow":["GET"]}}],"collection":[{"href":"https:\/\/lesnaturalistesdeletoile.com\/index.php\/wp-json\/wp\/v2\/pages"}],"about":[{"href":"https:\/\/lesnaturalistesdeletoile.com\/index.php\/wp-json\/wp\/v2\/types\/page"}],"author":[{"embeddable":true,"href":"https:\/\/lesnaturalistesdeletoile.com\/index.php\/wp-json\/wp\/v2\/users\/2"}],"replies":[{"embeddable":true,"href":"https:\/\/lesnaturalistesdeletoile.com\/index.php\/wp-json\/wp\/v2\/comments?post=2686"}],"version-history":[{"count":41,"href":"https:\/\/lesnaturalistesdeletoile.com\/index.php\/wp-json\/wp\/v2\/pages\/2686\/revisions"}],"predecessor-version":[{"id":7872,"href":"https:\/\/lesnaturalistesdeletoile.com\/index.php\/wp-json\/wp\/v2\/pages\/2686\/revisions\/7872"}],"wp:attachment":[{"href":"https:\/\/lesnaturalistesdeletoile.com\/index.php\/wp-json\/wp\/v2\/media?parent=2686"}],"curies":[{"name":"wp","href":"https:\/\/api.w.org\/{rel}","templated":true}]}}