{"id":1404,"date":"2018-01-16T15:55:34","date_gmt":"2018-01-16T14:55:34","guid":{"rendered":"https:\/\/lesnaturalistesdeletoile.com\/?page_id=1404"},"modified":"2026-04-09T11:41:29","modified_gmt":"2026-04-09T09:41:29","slug":"lichens","status":"publish","type":"page","link":"https:\/\/lesnaturalistesdeletoile.com\/index.php\/lichens\/","title":{"rendered":"Lichens"},"content":{"rendered":"\n<h2 class=\"wp-block-heading\">&nbsp;<\/h2>\n\n\n\n<p><\/p>\n\n\n\n<table style=\"border-collapse: collapse;width: 89.8383%;height: 152px\">\n<tbody>\n<tr style=\"height: 152px\">\n<td style=\"width: 33.3333%;height: 152px\">\n<p><img loading=\"lazy\" decoding=\"async\" class=\"wp-image-1873 alignleft\" src=\"https:\/\/lesnaturalistesdeletoile.com\/wp-content\/uploads\/2018\/02\/Caloplaca-variabilis-Lurs-1-300x202.jpg\" alt=\"\" width=\"190\" height=\"128\" srcset=\"https:\/\/lesnaturalistesdeletoile.com\/wp-content\/uploads\/2018\/02\/Caloplaca-variabilis-Lurs-1-300x202.jpg 300w, https:\/\/lesnaturalistesdeletoile.com\/wp-content\/uploads\/2018\/02\/Caloplaca-variabilis-Lurs-1-768x516.jpg 768w, https:\/\/lesnaturalistesdeletoile.com\/wp-content\/uploads\/2018\/02\/Caloplaca-variabilis-Lurs-1-1024x688.jpg 1024w, https:\/\/lesnaturalistesdeletoile.com\/wp-content\/uploads\/2018\/02\/Caloplaca-variabilis-Lurs-1-1320x887.jpg 1320w\" sizes=\"auto, (max-width: 190px) 100vw, 190px\" \/><\/p>\n<\/td>\n<td style=\"width: 33.3333%;height: 152px\">&nbsp;\n<h1 style=\"text-align: left\"><em><strong>Les Naturalistes de l&rsquo;Etoile<\/strong><\/em><\/h1>\n<\/td>\n<td style=\"width: 34.3579%;height: 152px\">\n<p><img loading=\"lazy\" decoding=\"async\" class=\"wp-image-1603 alignright\" src=\"https:\/\/lesnaturalistesdeletoile.com\/wp-content\/uploads\/2018\/01\/Hypogymnia-tubulosa-Lurs-300x202.jpg\" alt=\"\" width=\"190\" height=\"128\" srcset=\"https:\/\/lesnaturalistesdeletoile.com\/wp-content\/uploads\/2018\/01\/Hypogymnia-tubulosa-Lurs-300x202.jpg 300w, https:\/\/lesnaturalistesdeletoile.com\/wp-content\/uploads\/2018\/01\/Hypogymnia-tubulosa-Lurs-768x516.jpg 768w, https:\/\/lesnaturalistesdeletoile.com\/wp-content\/uploads\/2018\/01\/Hypogymnia-tubulosa-Lurs-1024x688.jpg 1024w, https:\/\/lesnaturalistesdeletoile.com\/wp-content\/uploads\/2018\/01\/Hypogymnia-tubulosa-Lurs-1320x887.jpg 1320w\" sizes=\"auto, (max-width: 190px) 100vw, 190px\" \/><\/p>\n<\/td>\n<\/tr>\n<\/tbody>\n<\/table>\n\n\n\n<h3 class=\"wp-block-heading has-text-align-center\"><strong>Comptes-rendus des sorties de Lich\u00e9nologie<\/strong><\/h3>\n\n\n\n<p><em>Les inventaires et documents pr\u00e9sent\u00e9s dans cette rubrique ont \u00e9t\u00e9 r\u00e9alis\u00e9s par des gens passionn\u00e9s. Malgr\u00e9 la rigueur apport\u00e9e \u00e0 leur travail de restitution (apr\u00e8s de nombreuses v\u00e9rifications), il se peut qu\u2019il subsiste des erreurs, ce qui ne serait pas \u00e9tonnant dans une discipline aussi difficile que la Lich\u00e9nologie, o\u00f9 la connaissance et la nomenclature \u00e9voluent constamment. Dans ce cas-l\u00e0 nous nous en excusons et demandons au lecteur de nous en informer en utilisant le menu Contacts.<\/em><\/p>\n\n\n\n\n<p style=\"text-align: center\">&nbsp;<\/p>\n<table style=\"width: 82.8091%;height: 3050px\">\n<tbody>\n<tr style=\"height: 22px\">\n<td style=\"width: 23.7209%;height: 22px;text-align: center\">&nbsp;<\/td>\n<td style=\"width: 35.3488%;height: 22px;text-align: center\">&nbsp;<\/td>\n<td style=\"width: 45.372%;height: 22px;text-align: center\">&nbsp;<\/td>\n<td style=\"width: 77.4187%;height: 22px;text-align: center\">Inventaire par stations<\/td>\n<td style=\"width: 71.0084%;height: 22px;text-align: center\">Inventaire ordre alpha<\/td>\n<td style=\"width: 75.1395%;height: 22px;text-align: center\">Document Photos<\/td>\n<\/tr>\n<tr>\n<td style=\"width: 23.7209%\"><strong>2025<br><\/strong><\/td>\n<td style=\"width: 35.3488%\">24 octobre et 5 novembre 2025<\/td>\n<td style=\"width: 45.372%\">Lichens \u00e0 Lamanon (13) : ancienne carri\u00e8re et colline au-dessus des grottes de Cal\u00e8s<\/td>\n<td style=\"width: 77.4187%;text-align: center\"><a href=\"https:\/\/lesnaturalistesdeletoile.com\/wp-content\/uploads\/2026\/03\/2025-10-24-et-11-05-Inv.-Lichens-Lamanon-stations.pdf\" target=\"_blank\" rel=\"noopener\"><img loading=\"lazy\" decoding=\"async\" class=\"aligncenter wp-image-8121\" src=\"https:\/\/lesnaturalistesdeletoile.com\/wp-content\/uploads\/2026\/03\/Lichens-2025-Icone-stations-Lamanon-278x300.jpg\" alt=\"\" width=\"60\" height=\"65\" srcset=\"https:\/\/lesnaturalistesdeletoile.com\/wp-content\/uploads\/2026\/03\/Lichens-2025-Icone-stations-Lamanon-278x300.jpg 278w, https:\/\/lesnaturalistesdeletoile.com\/wp-content\/uploads\/2026\/03\/Lichens-2025-Icone-stations-Lamanon.jpg 408w\" sizes=\"auto, (max-width: 60px) 100vw, 60px\" \/><\/a><\/td>\n<td style=\"width: 71.0084%;text-align: center\"><a href=\"https:\/\/lesnaturalistesdeletoile.com\/wp-content\/uploads\/2026\/03\/2025-10-24-et-11-05-Inv.-Lichens-Lamanon-alpha.pdf\" target=\"_blank\" rel=\"noopener\"><img loading=\"lazy\" decoding=\"async\" class=\"aligncenter wp-image-8119\" src=\"https:\/\/lesnaturalistesdeletoile.com\/wp-content\/uploads\/2026\/03\/Lichens-2025-Icone-alpha-Lamanon-274x300.jpg\" alt=\"\" width=\"60\" height=\"66\" srcset=\"https:\/\/lesnaturalistesdeletoile.com\/wp-content\/uploads\/2026\/03\/Lichens-2025-Icone-alpha-Lamanon-274x300.jpg 274w, https:\/\/lesnaturalistesdeletoile.com\/wp-content\/uploads\/2026\/03\/Lichens-2025-Icone-alpha-Lamanon.jpg 406w\" sizes=\"auto, (max-width: 60px) 100vw, 60px\" \/><\/a><\/td>\n<td style=\"width: 75.1395%;text-align: center\"><a href=\"https:\/\/lesnaturalistesdeletoile.com\/wp-content\/uploads\/2026\/04\/2025-10-24-et-11-05-Doc-photos-Lichens-Lamanon.pdf\" target=\"_blank\" rel=\"noopener\"><img loading=\"lazy\" decoding=\"async\" class=\"aligncenter wp-image-8120\" src=\"https:\/\/lesnaturalistesdeletoile.com\/wp-content\/uploads\/2026\/03\/Lichens-2025-Icone-doc-photos-Lamanon-294x300.jpg\" alt=\"\" width=\"60\" height=\"61\" srcset=\"https:\/\/lesnaturalistesdeletoile.com\/wp-content\/uploads\/2026\/03\/Lichens-2025-Icone-doc-photos-Lamanon-294x300.jpg 294w, https:\/\/lesnaturalistesdeletoile.com\/wp-content\/uploads\/2026\/03\/Lichens-2025-Icone-doc-photos-Lamanon-150x150.jpg 150w, https:\/\/lesnaturalistesdeletoile.com\/wp-content\/uploads\/2026\/03\/Lichens-2025-Icone-doc-photos-Lamanon.jpg 407w\" sizes=\"auto, (max-width: 60px) 100vw, 60px\" \/><\/a><\/td>\n<\/tr>\n<tr>\n<td style=\"width: 23.7209%\"><strong>2024<\/strong><\/td>\n<td style=\"width: 35.3488%\">25 novembre et 15 d\u00e9cembre 2024<\/td>\n<td style=\"width: 45.372%\">Lichens &#8211; Sainte-Baume, de l&rsquo;Hostellerie au Vallon de la Castelette (83)<\/td>\n<td style=\"width: 77.4187%;text-align: center\"><a href=\"https:\/\/lesnaturalistesdeletoile.com\/wp-content\/uploads\/2026\/01\/2024-11-25-et-12-15-Inv.-Lichens-Ste-Baume-stations.pdf\" target=\"_blank\" rel=\"noopener\"><img loading=\"lazy\" decoding=\"async\" class=\"aligncenter wp-image-7982\" src=\"https:\/\/lesnaturalistesdeletoile.com\/wp-content\/uploads\/2026\/01\/Lichens-2024-Icone-stations-Ste-Baume-278x300.jpg\" alt=\"\" width=\"60\" height=\"65\" srcset=\"https:\/\/lesnaturalistesdeletoile.com\/wp-content\/uploads\/2026\/01\/Lichens-2024-Icone-stations-Ste-Baume-278x300.jpg 278w, https:\/\/lesnaturalistesdeletoile.com\/wp-content\/uploads\/2026\/01\/Lichens-2024-Icone-stations-Ste-Baume.jpg 408w\" sizes=\"auto, (max-width: 60px) 100vw, 60px\" \/><\/a><\/td>\n<td style=\"width: 71.0084%;text-align: center\"><a href=\"https:\/\/lesnaturalistesdeletoile.com\/wp-content\/uploads\/2026\/01\/2024-11-25-et-12-15-Inv.-Lichens-Ste-Baume-alpha.pdf\" target=\"_blank\" rel=\"noopener\"><img loading=\"lazy\" decoding=\"async\" class=\"aligncenter wp-image-7980\" src=\"https:\/\/lesnaturalistesdeletoile.com\/wp-content\/uploads\/2026\/01\/Lichens-2024-Icone-alpha-Ste-Baume-274x300.jpg\" alt=\"\" width=\"60\" height=\"66\" srcset=\"https:\/\/lesnaturalistesdeletoile.com\/wp-content\/uploads\/2026\/01\/Lichens-2024-Icone-alpha-Ste-Baume-274x300.jpg 274w, https:\/\/lesnaturalistesdeletoile.com\/wp-content\/uploads\/2026\/01\/Lichens-2024-Icone-alpha-Ste-Baume.jpg 406w\" sizes=\"auto, (max-width: 60px) 100vw, 60px\" \/><\/a><\/td>\n<td style=\"width: 75.1395%;text-align: center\"><a href=\"https:\/\/lesnaturalistesdeletoile.com\/wp-content\/uploads\/2026\/01\/2024-11-25-Doc-photos-Lichens-Ste-Baume-.pdf\" target=\"_blank\" rel=\"noopener\"><img loading=\"lazy\" decoding=\"async\" class=\"aligncenter wp-image-7981\" src=\"https:\/\/lesnaturalistesdeletoile.com\/wp-content\/uploads\/2026\/01\/Lichens-2024-Icone-doc-photos-Ste-Baume-294x300.jpg\" alt=\"\" width=\"60\" height=\"61\" srcset=\"https:\/\/lesnaturalistesdeletoile.com\/wp-content\/uploads\/2026\/01\/Lichens-2024-Icone-doc-photos-Ste-Baume-294x300.jpg 294w, https:\/\/lesnaturalistesdeletoile.com\/wp-content\/uploads\/2026\/01\/Lichens-2024-Icone-doc-photos-Ste-Baume-150x150.jpg 150w, https:\/\/lesnaturalistesdeletoile.com\/wp-content\/uploads\/2026\/01\/Lichens-2024-Icone-doc-photos-Ste-Baume.jpg 407w\" sizes=\"auto, (max-width: 60px) 100vw, 60px\" \/><\/a><\/td>\n<\/tr>\n<tr>\n<td style=\"width: 23.7209%\">&nbsp;<\/td>\n<td style=\"width: 35.3488%\">25 janvier 2024<\/td>\n<td style=\"width: 45.372%\">Lichens du Cap du Dramont, Saint-Rapha\u00ebl (83)<\/td>\n<td style=\"width: 77.4187%;text-align: center\"><a href=\"https:\/\/lesnaturalistesdeletoile.com\/wp-content\/uploads\/2024\/04\/2024-01-25-Inv.-Lichens-Dramont-stations.pdf\" target=\"_blank\" rel=\"noopener\"><img loading=\"lazy\" decoding=\"async\" class=\"wp-image-6908 aligncenter\" src=\"https:\/\/lesnaturalistesdeletoile.com\/wp-content\/uploads\/2024\/04\/Lichens-2024-Icone-stations-Dramont-278x300.jpg\" alt=\"\" width=\"60\" height=\"65\" srcset=\"https:\/\/lesnaturalistesdeletoile.com\/wp-content\/uploads\/2024\/04\/Lichens-2024-Icone-stations-Dramont-278x300.jpg 278w, https:\/\/lesnaturalistesdeletoile.com\/wp-content\/uploads\/2024\/04\/Lichens-2024-Icone-stations-Dramont.jpg 408w\" sizes=\"auto, (max-width: 60px) 100vw, 60px\" \/><\/a><\/td>\n<td style=\"width: 71.0084%;text-align: center\"><a href=\"https:\/\/lesnaturalistesdeletoile.com\/wp-content\/uploads\/2024\/04\/2024-01-25-Inv.-Lichens-Dramont-alpha.pdf\" target=\"_blank\" rel=\"noopener\"><img loading=\"lazy\" decoding=\"async\" class=\"wp-image-6906 aligncenter\" src=\"https:\/\/lesnaturalistesdeletoile.com\/wp-content\/uploads\/2024\/04\/Lichens-2024-Icone-alpha-Dramont-274x300.jpg\" alt=\"\" width=\"60\" height=\"66\" srcset=\"https:\/\/lesnaturalistesdeletoile.com\/wp-content\/uploads\/2024\/04\/Lichens-2024-Icone-alpha-Dramont-274x300.jpg 274w, https:\/\/lesnaturalistesdeletoile.com\/wp-content\/uploads\/2024\/04\/Lichens-2024-Icone-alpha-Dramont.jpg 406w\" sizes=\"auto, (max-width: 60px) 100vw, 60px\" \/><\/a><\/td>\n<td style=\"width: 75.1395%;text-align: center\"><a href=\"https:\/\/lesnaturalistesdeletoile.com\/wp-content\/uploads\/2024\/04\/2024.01.25-Lichens-Dramont-Doc-photos.pdf\" target=\"_blank\" rel=\"noopener\"><img loading=\"lazy\" decoding=\"async\" class=\"wp-image-6907 aligncenter\" src=\"https:\/\/lesnaturalistesdeletoile.com\/wp-content\/uploads\/2024\/04\/Lichens-2024-Icone-doc-photos-Dramont-294x300.jpg\" alt=\"\" width=\"60\" height=\"61\" srcset=\"https:\/\/lesnaturalistesdeletoile.com\/wp-content\/uploads\/2024\/04\/Lichens-2024-Icone-doc-photos-Dramont-294x300.jpg 294w, https:\/\/lesnaturalistesdeletoile.com\/wp-content\/uploads\/2024\/04\/Lichens-2024-Icone-doc-photos-Dramont-150x150.jpg 150w, https:\/\/lesnaturalistesdeletoile.com\/wp-content\/uploads\/2024\/04\/Lichens-2024-Icone-doc-photos-Dramont.jpg 407w\" sizes=\"auto, (max-width: 60px) 100vw, 60px\" \/><\/a><\/td>\n<\/tr>\n<tr>\n<td style=\"width: 23.7209%\"><strong>2023<\/strong><\/td>\n<td style=\"width: 35.3488%\">30 novembre 2023<\/td>\n<td style=\"width: 45.372%\">Lichens de la For\u00eat des c\u00e8dres, Bonnieux (84)<\/td>\n<td style=\"width: 77.4187%\"><a href=\"https:\/\/lesnaturalistesdeletoile.com\/wp-content\/uploads\/2024\/01\/2023-11-30-Inv.-Lichens-Bonnieux-Cedres-stations.pdf\" target=\"_blank\" rel=\"noopener\"><img loading=\"lazy\" decoding=\"async\" class=\"aligncenter wp-image-6584\" src=\"https:\/\/lesnaturalistesdeletoile.com\/wp-content\/uploads\/2024\/01\/Lichens-2023-Icone-stations-Bonnieux-278x300.jpg\" alt=\"\" width=\"60\" height=\"65\" srcset=\"https:\/\/lesnaturalistesdeletoile.com\/wp-content\/uploads\/2024\/01\/Lichens-2023-Icone-stations-Bonnieux-278x300.jpg 278w, https:\/\/lesnaturalistesdeletoile.com\/wp-content\/uploads\/2024\/01\/Lichens-2023-Icone-stations-Bonnieux.jpg 408w\" sizes=\"auto, (max-width: 60px) 100vw, 60px\" \/><\/a><\/td>\n<td style=\"width: 71.0084%;text-align: center\"><a href=\"https:\/\/lesnaturalistesdeletoile.com\/wp-content\/uploads\/2024\/01\/2023-11-30-Inv.-Lichens-Bonnieux-Cedres-alpha.pdf\" target=\"_blank\" rel=\"noopener\"><img loading=\"lazy\" decoding=\"async\" class=\"wp-image-6582 aligncenter\" src=\"https:\/\/lesnaturalistesdeletoile.com\/wp-content\/uploads\/2024\/01\/Lichens-2023-Icone-alpha-Bonnieux-274x300.jpg\" alt=\"\" width=\"60\" height=\"66\" srcset=\"https:\/\/lesnaturalistesdeletoile.com\/wp-content\/uploads\/2024\/01\/Lichens-2023-Icone-alpha-Bonnieux-274x300.jpg 274w, https:\/\/lesnaturalistesdeletoile.com\/wp-content\/uploads\/2024\/01\/Lichens-2023-Icone-alpha-Bonnieux.jpg 406w\" sizes=\"auto, (max-width: 60px) 100vw, 60px\" \/><\/a><\/td>\n<td style=\"width: 75.1395%;text-align: center\"><a href=\"https:\/\/lesnaturalistesdeletoile.com\/wp-content\/uploads\/2024\/02\/2023-11-30-Lichens-Bonnieux-Cedres-Doc-photos-2.pdf\" target=\"_blank\" rel=\"noopener\"><img loading=\"lazy\" decoding=\"async\" class=\"aligncenter wp-image-6583\" src=\"https:\/\/lesnaturalistesdeletoile.com\/wp-content\/uploads\/2024\/01\/Lichens-2023-Icone-doc-photos-Bonnieux-294x300.jpg\" alt=\"\" width=\"60\" height=\"61\" srcset=\"https:\/\/lesnaturalistesdeletoile.com\/wp-content\/uploads\/2024\/01\/Lichens-2023-Icone-doc-photos-Bonnieux-294x300.jpg 294w, https:\/\/lesnaturalistesdeletoile.com\/wp-content\/uploads\/2024\/01\/Lichens-2023-Icone-doc-photos-Bonnieux-150x150.jpg 150w, https:\/\/lesnaturalistesdeletoile.com\/wp-content\/uploads\/2024\/01\/Lichens-2023-Icone-doc-photos-Bonnieux.jpg 407w\" sizes=\"auto, (max-width: 60px) 100vw, 60px\" \/><\/a><\/td>\n<\/tr>\n<tr>\n<td style=\"width: 23.7209%\">&nbsp;<\/td>\n<td style=\"width: 35.3488%\">23 janvier 2023<\/td>\n<td style=\"width: 45.372%\">Lichens corticoles et terricoles de la Sainte-Baume (83) &#8211; Ch\u00eanaie<\/td>\n<td style=\"width: 77.4187%\">&nbsp;<\/td>\n<td style=\"width: 71.0084%\"><a href=\"https:\/\/lesnaturalistesdeletoile.com\/wp-content\/uploads\/2023\/03\/2023-01-23-Inv.-Lichens-corticoles-Ste-Baume.pdf\" target=\"_blank\" rel=\"noopener\"><img loading=\"lazy\" decoding=\"async\" class=\"aligncenter wp-image-6175\" src=\"https:\/\/lesnaturalistesdeletoile.com\/wp-content\/uploads\/2023\/03\/Lichens-2023-Icone-alpha-Ste-Baume-274x300.jpg\" alt=\"\" width=\"60\" height=\"66\" srcset=\"https:\/\/lesnaturalistesdeletoile.com\/wp-content\/uploads\/2023\/03\/Lichens-2023-Icone-alpha-Ste-Baume-274x300.jpg 274w, https:\/\/lesnaturalistesdeletoile.com\/wp-content\/uploads\/2023\/03\/Lichens-2023-Icone-alpha-Ste-Baume.jpg 406w\" sizes=\"auto, (max-width: 60px) 100vw, 60px\" \/><\/a><\/td>\n<td style=\"width: 75.1395%\"><a href=\"https:\/\/lesnaturalistesdeletoile.com\/wp-content\/uploads\/2023\/03\/2023-01-23-Lichens-Ste-Baume-Doc-photos.pdf\" target=\"_blank\" rel=\"noopener\"><img loading=\"lazy\" decoding=\"async\" class=\"aligncenter wp-image-6176\" src=\"https:\/\/lesnaturalistesdeletoile.com\/wp-content\/uploads\/2023\/03\/Lichens-2023-Icone-doc-photos-Ste-Baume-294x300.jpg\" alt=\"\" width=\"60\" height=\"61\" srcset=\"https:\/\/lesnaturalistesdeletoile.com\/wp-content\/uploads\/2023\/03\/Lichens-2023-Icone-doc-photos-Ste-Baume-294x300.jpg 294w, https:\/\/lesnaturalistesdeletoile.com\/wp-content\/uploads\/2023\/03\/Lichens-2023-Icone-doc-photos-Ste-Baume-150x150.jpg 150w, https:\/\/lesnaturalistesdeletoile.com\/wp-content\/uploads\/2023\/03\/Lichens-2023-Icone-doc-photos-Ste-Baume.jpg 407w\" sizes=\"auto, (max-width: 60px) 100vw, 60px\" \/><\/a><\/td>\n<\/tr>\n<tr>\n<td style=\"width: 23.7209%\"><strong>2022<\/strong><\/td>\n<td style=\"width: 35.3488%\">6 juillet 2022<\/td>\n<td style=\"width: 45.372%\">Lichens du Tarters del Coll del Pam, \u00e0 Font-Romeu (66)<\/td>\n<td style=\"width: 77.4187%\">&nbsp;<\/td>\n<td style=\"width: 71.0084%\">&nbsp;<\/td>\n<td style=\"width: 75.1395%;text-align: center\"><a href=\"https:\/\/lesnaturalistesdeletoile.com\/wp-content\/uploads\/2023\/08\/2022-07-06-Lichens-Font-Romeu-doc-photos.pdf\" target=\"_blank\" rel=\"noopener\"><img loading=\"lazy\" decoding=\"async\" class=\"aligncenter wp-image-6392\" src=\"https:\/\/lesnaturalistesdeletoile.com\/wp-content\/uploads\/2023\/08\/Lichens-2022-Icone-doc-photos-Font-Romeu-294x300.jpg\" alt=\"\" width=\"60\" height=\"61\" srcset=\"https:\/\/lesnaturalistesdeletoile.com\/wp-content\/uploads\/2023\/08\/Lichens-2022-Icone-doc-photos-Font-Romeu-294x300.jpg 294w, https:\/\/lesnaturalistesdeletoile.com\/wp-content\/uploads\/2023\/08\/Lichens-2022-Icone-doc-photos-Font-Romeu-150x150.jpg 150w, https:\/\/lesnaturalistesdeletoile.com\/wp-content\/uploads\/2023\/08\/Lichens-2022-Icone-doc-photos-Font-Romeu.jpg 407w\" sizes=\"auto, (max-width: 60px) 100vw, 60px\" \/><\/a><\/td>\n<\/tr>\n<tr>\n<td style=\"width: 23.7209%\"><strong>2021<\/strong><\/td>\n<td style=\"width: 35.3488%\">1er d\u00e9cembre 2021<\/td>\n<td style=\"width: 45.372%\">Lichens corticoles de la Sainte-Baume (83) &#8211; Parking des Trois Ch\u00eanes<\/td>\n<td style=\"width: 77.4187%\">&nbsp;<\/td>\n<td style=\"width: 71.0084%\"><a href=\"https:\/\/lesnaturalistesdeletoile.com\/wp-content\/uploads\/2022\/03\/2021-12-01-Inv.-Lichens-Ste-Baume-alpha.pdf\" target=\"_blank\" rel=\"noopener\"><img loading=\"lazy\" decoding=\"async\" class=\"aligncenter wp-image-5579\" src=\"https:\/\/lesnaturalistesdeletoile.com\/wp-content\/uploads\/2022\/03\/Lichens-2021-Icone-alpha-Ste-Baume-274x300.jpg\" alt=\"\" width=\"60\" height=\"66\" srcset=\"https:\/\/lesnaturalistesdeletoile.com\/wp-content\/uploads\/2022\/03\/Lichens-2021-Icone-alpha-Ste-Baume-274x300.jpg 274w, https:\/\/lesnaturalistesdeletoile.com\/wp-content\/uploads\/2022\/03\/Lichens-2021-Icone-alpha-Ste-Baume.jpg 406w\" sizes=\"auto, (max-width: 60px) 100vw, 60px\" \/><\/a><\/td>\n<td style=\"width: 75.1395%\"><a href=\"https:\/\/lesnaturalistesdeletoile.com\/wp-content\/uploads\/2022\/03\/2021-12-01-Lichens-Ste-Baume-Doc-photos.pdf\" target=\"_blank\" rel=\"noopener\"><img loading=\"lazy\" decoding=\"async\" class=\"aligncenter wp-image-5581\" src=\"https:\/\/lesnaturalistesdeletoile.com\/wp-content\/uploads\/2022\/03\/Lichens-2021-Icone-doc-photos-Ste-Baume-294x300.jpg\" alt=\"\" width=\"60\" height=\"61\" srcset=\"https:\/\/lesnaturalistesdeletoile.com\/wp-content\/uploads\/2022\/03\/Lichens-2021-Icone-doc-photos-Ste-Baume-294x300.jpg 294w, https:\/\/lesnaturalistesdeletoile.com\/wp-content\/uploads\/2022\/03\/Lichens-2021-Icone-doc-photos-Ste-Baume-150x150.jpg 150w, https:\/\/lesnaturalistesdeletoile.com\/wp-content\/uploads\/2022\/03\/Lichens-2021-Icone-doc-photos-Ste-Baume.jpg 407w\" sizes=\"auto, (max-width: 60px) 100vw, 60px\" \/><\/a><\/td>\n<\/tr>\n<tr>\n<td style=\"width: 23.7209%\"><strong>&nbsp;<\/strong><\/td>\n<td style=\"width: 35.3488%\">17 novembre 2021<\/td>\n<td style=\"width: 45.372%\">La Ciotat, Calanque de Figuerolles (13) &#8211; Lichens sur silice (atelier initiation)<\/td>\n<td style=\"width: 77.4187%\">&nbsp;<\/td>\n<td style=\"width: 71.0084%\">&nbsp;<\/td>\n<td style=\"width: 75.1395%\"><a href=\"https:\/\/lesnaturalistesdeletoile.com\/wp-content\/uploads\/2022\/03\/2021-11-17-La-Ciotat-Lichens-a-rechercher.pdf\" target=\"_blank\" rel=\"noopener\"><img loading=\"lazy\" decoding=\"async\" class=\"aligncenter wp-image-5580\" src=\"https:\/\/lesnaturalistesdeletoile.com\/wp-content\/uploads\/2022\/03\/Lichens-2021-Icone-doc-photos-La-Ciotat-294x300.jpg\" alt=\"\" width=\"60\" height=\"61\" srcset=\"https:\/\/lesnaturalistesdeletoile.com\/wp-content\/uploads\/2022\/03\/Lichens-2021-Icone-doc-photos-La-Ciotat-294x300.jpg 294w, https:\/\/lesnaturalistesdeletoile.com\/wp-content\/uploads\/2022\/03\/Lichens-2021-Icone-doc-photos-La-Ciotat-150x150.jpg 150w, https:\/\/lesnaturalistesdeletoile.com\/wp-content\/uploads\/2022\/03\/Lichens-2021-Icone-doc-photos-La-Ciotat.jpg 407w\" sizes=\"auto, (max-width: 60px) 100vw, 60px\" \/><\/a><\/td>\n<\/tr>\n<tr>\n<td style=\"width: 23.7209%\"><strong>2020<\/strong><\/td>\n<td style=\"width: 35.3488%\">3 f\u00e9vrier 2020<\/td>\n<td style=\"width: 45.372%\">Lichens &#8211; Sainte-Baume (83) &#8211; Partie Nord-Est de la Cha\u00eene<\/td>\n<td style=\"width: 77.4187%\"><a href=\"https:\/\/lesnaturalistesdeletoile.com\/wp-content\/uploads\/2022\/01\/2020-02-03-Inv.-lichens-Ste-Baume-stations.pdf\" target=\"_blank\" rel=\"noopener noreferrer\"><img loading=\"lazy\" decoding=\"async\" class=\"aligncenter wp-image-4710\" src=\"https:\/\/lesnaturalistesdeletoile.com\/wp-content\/uploads\/2020\/03\/Lichens-2020-Ic\u00f4ne-stations-Ste-Baume-278x300.jpg\" alt=\"\" width=\"60\" height=\"65\" srcset=\"https:\/\/lesnaturalistesdeletoile.com\/wp-content\/uploads\/2020\/03\/Lichens-2020-Ic\u00f4ne-stations-Ste-Baume-278x300.jpg 278w, https:\/\/lesnaturalistesdeletoile.com\/wp-content\/uploads\/2020\/03\/Lichens-2020-Ic\u00f4ne-stations-Ste-Baume.jpg 408w\" sizes=\"auto, (max-width: 60px) 100vw, 60px\" \/><\/a><\/td>\n<td style=\"width: 71.0084%\"><a href=\"https:\/\/lesnaturalistesdeletoile.com\/wp-content\/uploads\/2022\/01\/2020-02-03-Inv.-lichens-Ste-Baume-alpha.pdf\" target=\"_blank\" rel=\"noopener noreferrer\"><img loading=\"lazy\" decoding=\"async\" class=\"aligncenter wp-image-4708\" src=\"https:\/\/lesnaturalistesdeletoile.com\/wp-content\/uploads\/2020\/03\/Lichens-2020-Ic\u00f4ne-alpha-Ste-Baume-274x300.jpg\" alt=\"\" width=\"60\" height=\"66\" srcset=\"https:\/\/lesnaturalistesdeletoile.com\/wp-content\/uploads\/2020\/03\/Lichens-2020-Ic\u00f4ne-alpha-Ste-Baume-274x300.jpg 274w, https:\/\/lesnaturalistesdeletoile.com\/wp-content\/uploads\/2020\/03\/Lichens-2020-Ic\u00f4ne-alpha-Ste-Baume.jpg 406w\" sizes=\"auto, (max-width: 60px) 100vw, 60px\" \/><\/a><\/td>\n<td style=\"width: 75.1395%\"><a href=\"https:\/\/lesnaturalistesdeletoile.com\/wp-content\/uploads\/2020\/03\/2020-02-03-Lichens-Ste-Baume-Doc-photos.pdf\" target=\"_blank\" rel=\"noopener noreferrer\"><img loading=\"lazy\" decoding=\"async\" class=\"aligncenter wp-image-4709\" src=\"https:\/\/lesnaturalistesdeletoile.com\/wp-content\/uploads\/2020\/03\/Lichens-2020-Ic\u00f4ne-doc-photos-Ste-Baume-294x300.jpg\" alt=\"\" width=\"60\" height=\"61\" srcset=\"https:\/\/lesnaturalistesdeletoile.com\/wp-content\/uploads\/2020\/03\/Lichens-2020-Ic\u00f4ne-doc-photos-Ste-Baume-294x300.jpg 294w, https:\/\/lesnaturalistesdeletoile.com\/wp-content\/uploads\/2020\/03\/Lichens-2020-Ic\u00f4ne-doc-photos-Ste-Baume-150x150.jpg 150w, https:\/\/lesnaturalistesdeletoile.com\/wp-content\/uploads\/2020\/03\/Lichens-2020-Ic\u00f4ne-doc-photos-Ste-Baume.jpg 407w\" sizes=\"auto, (max-width: 60px) 100vw, 60px\" \/><\/a><\/td>\n<\/tr>\n<tr>\n<td style=\"width: 23.7209%\"><strong>&nbsp;<\/strong><\/td>\n<td style=\"width: 35.3488%\">22 janvier 2020<\/td>\n<td style=\"width: 45.372%\">Lichens &#8211; Anciennes carri\u00e8res de Lamanon (13)<\/td>\n<td style=\"width: 77.4187%\">&nbsp;<\/td>\n<td style=\"width: 71.0084%\"><a href=\"https:\/\/lesnaturalistesdeletoile.com\/wp-content\/uploads\/2022\/06\/2020-01-22-Inv.-Lichens-Lamanon-alpha.pdf\" target=\"_blank\" rel=\"noopener\"><img loading=\"lazy\" decoding=\"async\" class=\"wp-image-5880 aligncenter\" src=\"https:\/\/lesnaturalistesdeletoile.com\/wp-content\/uploads\/2022\/06\/Lichens-2020-Icone-alpha-Lamanon-274x300.jpg\" alt=\"\" width=\"60\" height=\"66\" srcset=\"https:\/\/lesnaturalistesdeletoile.com\/wp-content\/uploads\/2022\/06\/Lichens-2020-Icone-alpha-Lamanon-274x300.jpg 274w, https:\/\/lesnaturalistesdeletoile.com\/wp-content\/uploads\/2022\/06\/Lichens-2020-Icone-alpha-Lamanon.jpg 406w\" sizes=\"auto, (max-width: 60px) 100vw, 60px\" \/><\/a><\/td>\n<td style=\"width: 75.1395%\"><a href=\"https:\/\/lesnaturalistesdeletoile.com\/wp-content\/uploads\/2022\/06\/2020-01-22-Lichens-Lamanon-Doc.-photos.pdf\" target=\"_blank\" rel=\"noopener\"><img loading=\"lazy\" decoding=\"async\" class=\"wp-image-5881 aligncenter\" src=\"https:\/\/lesnaturalistesdeletoile.com\/wp-content\/uploads\/2022\/06\/Lichens-2020-Icone-doc-photos-Lamanon-294x300.jpg\" alt=\"\" width=\"60\" height=\"61\" srcset=\"https:\/\/lesnaturalistesdeletoile.com\/wp-content\/uploads\/2022\/06\/Lichens-2020-Icone-doc-photos-Lamanon-294x300.jpg 294w, https:\/\/lesnaturalistesdeletoile.com\/wp-content\/uploads\/2022\/06\/Lichens-2020-Icone-doc-photos-Lamanon-150x150.jpg 150w, https:\/\/lesnaturalistesdeletoile.com\/wp-content\/uploads\/2022\/06\/Lichens-2020-Icone-doc-photos-Lamanon.jpg 407w\" sizes=\"auto, (max-width: 60px) 100vw, 60px\" \/><\/a><\/td>\n<\/tr>\n<tr>\n<td style=\"width: 23.7209%\"><strong>2019<\/strong><\/td>\n<td style=\"width: 35.3488%\">28 novembre 2019<\/td>\n<td style=\"width: 45.372%\">Lichens &#8211; Sivergues (84) &#8211; Sur arbres, molasse burdigalienne et Cr\u00e9tac\u00e9 inf\u00e9rieur<\/td>\n<td style=\"width: 77.4187%\"><a href=\"https:\/\/lesnaturalistesdeletoile.com\/wp-content\/uploads\/2020\/01\/2019-11-28-Inv.-Lichens-Sivergues-stations.pdf\" target=\"_blank\" rel=\"noopener noreferrer\"><img loading=\"lazy\" decoding=\"async\" class=\"aligncenter wp-image-4473\" src=\"https:\/\/lesnaturalistesdeletoile.com\/wp-content\/uploads\/2019\/12\/Lichens-2019-Ic\u00f4ne-stations-Sivergues-278x300.jpg\" alt=\"\" width=\"60\" height=\"65\" srcset=\"https:\/\/lesnaturalistesdeletoile.com\/wp-content\/uploads\/2019\/12\/Lichens-2019-Ic\u00f4ne-stations-Sivergues-278x300.jpg 278w, https:\/\/lesnaturalistesdeletoile.com\/wp-content\/uploads\/2019\/12\/Lichens-2019-Ic\u00f4ne-stations-Sivergues.jpg 408w\" sizes=\"auto, (max-width: 60px) 100vw, 60px\" \/><\/a><\/td>\n<td style=\"width: 71.0084%\"><a href=\"https:\/\/lesnaturalistesdeletoile.com\/wp-content\/uploads\/2020\/01\/2019-11-28-Inv.-Lichens-Sivergues-alpha.pdf\" target=\"_blank\" rel=\"noopener noreferrer\"><img loading=\"lazy\" decoding=\"async\" class=\"aligncenter wp-image-4471\" src=\"https:\/\/lesnaturalistesdeletoile.com\/wp-content\/uploads\/2019\/12\/Lichens-2019-Ic\u00f4ne-alpha-Sivergues-274x300.jpg\" alt=\"\" width=\"60\" height=\"66\" srcset=\"https:\/\/lesnaturalistesdeletoile.com\/wp-content\/uploads\/2019\/12\/Lichens-2019-Ic\u00f4ne-alpha-Sivergues-274x300.jpg 274w, https:\/\/lesnaturalistesdeletoile.com\/wp-content\/uploads\/2019\/12\/Lichens-2019-Ic\u00f4ne-alpha-Sivergues.jpg 406w\" sizes=\"auto, (max-width: 60px) 100vw, 60px\" \/><\/a><\/td>\n<td style=\"width: 75.1395%\"><a href=\"https:\/\/lesnaturalistesdeletoile.com\/wp-content\/uploads\/2020\/01\/2019-11-28-Lichens-Sivergues-doc-photos.pdf\" target=\"_blank\" rel=\"noopener noreferrer\"><img loading=\"lazy\" decoding=\"async\" class=\"aligncenter wp-image-4472\" src=\"https:\/\/lesnaturalistesdeletoile.com\/wp-content\/uploads\/2019\/12\/Lichens-2019-Ic\u00f4ne-doc-photos-Sivergues-294x300.jpg\" alt=\"\" width=\"60\" height=\"61\" srcset=\"https:\/\/lesnaturalistesdeletoile.com\/wp-content\/uploads\/2019\/12\/Lichens-2019-Ic\u00f4ne-doc-photos-Sivergues-294x300.jpg 294w, https:\/\/lesnaturalistesdeletoile.com\/wp-content\/uploads\/2019\/12\/Lichens-2019-Ic\u00f4ne-doc-photos-Sivergues-150x150.jpg 150w, https:\/\/lesnaturalistesdeletoile.com\/wp-content\/uploads\/2019\/12\/Lichens-2019-Ic\u00f4ne-doc-photos-Sivergues.jpg 407w\" sizes=\"auto, (max-width: 60px) 100vw, 60px\" \/><\/a><\/td>\n<\/tr>\n<tr>\n<td style=\"width: 23.7209%\">&nbsp;<\/td>\n<td style=\"width: 35.3488%\">16 et 17 octobre 2019<\/td>\n<td style=\"width: 45.372%\">Lichens du Mont Ventoux et du Mont Serein (84)<\/td>\n<td style=\"width: 77.4187%\"><a href=\"https:\/\/lesnaturalistesdeletoile.com\/wp-content\/uploads\/2019\/11\/2019-10-16-Inv.-Lichens-Mt-Ventoux-stations.pdf\" target=\"_blank\" rel=\"noopener noreferrer\"><img loading=\"lazy\" decoding=\"async\" class=\"aligncenter wp-image-4359\" src=\"https:\/\/lesnaturalistesdeletoile.com\/wp-content\/uploads\/2019\/11\/Bryologie-2019-Ic\u00f4ne-stations-Mt-Ventoux-278x300.jpg\" alt=\"\" width=\"60\" height=\"65\" srcset=\"https:\/\/lesnaturalistesdeletoile.com\/wp-content\/uploads\/2019\/11\/Bryologie-2019-Ic\u00f4ne-stations-Mt-Ventoux-278x300.jpg 278w, https:\/\/lesnaturalistesdeletoile.com\/wp-content\/uploads\/2019\/11\/Bryologie-2019-Ic\u00f4ne-stations-Mt-Ventoux.jpg 408w\" sizes=\"auto, (max-width: 60px) 100vw, 60px\" \/><\/a><\/td>\n<td style=\"width: 71.0084%\"><a href=\"https:\/\/lesnaturalistesdeletoile.com\/wp-content\/uploads\/2019\/11\/2019-10-16-Inv.-Lichens-Mt-Ventoux-alpha.pdf\" target=\"_blank\" rel=\"noopener noreferrer\"><img loading=\"lazy\" decoding=\"async\" class=\"aligncenter wp-image-4357\" src=\"https:\/\/lesnaturalistesdeletoile.com\/wp-content\/uploads\/2019\/11\/Bryologie-2019-Ic\u00f4ne-alpha-Mt-Ventoux-274x300.jpg\" alt=\"\" width=\"60\" height=\"66\" srcset=\"https:\/\/lesnaturalistesdeletoile.com\/wp-content\/uploads\/2019\/11\/Bryologie-2019-Ic\u00f4ne-alpha-Mt-Ventoux-274x300.jpg 274w, https:\/\/lesnaturalistesdeletoile.com\/wp-content\/uploads\/2019\/11\/Bryologie-2019-Ic\u00f4ne-alpha-Mt-Ventoux.jpg 406w\" sizes=\"auto, (max-width: 60px) 100vw, 60px\" \/><\/a><\/td>\n<td style=\"width: 75.1395%\"><a href=\"https:\/\/lesnaturalistesdeletoile.com\/wp-content\/uploads\/2019\/11\/2019-10-16-Lichens-Mt-Ventoux-Doc.-photos.pdf\" target=\"_blank\" rel=\"noopener noreferrer\"><img loading=\"lazy\" decoding=\"async\" class=\"aligncenter wp-image-4358\" src=\"https:\/\/lesnaturalistesdeletoile.com\/wp-content\/uploads\/2019\/11\/Bryologie-2019-Ic\u00f4ne-doc-photos-Mt-Ventoux-294x300.jpg\" alt=\"\" width=\"60\" height=\"61\" srcset=\"https:\/\/lesnaturalistesdeletoile.com\/wp-content\/uploads\/2019\/11\/Bryologie-2019-Ic\u00f4ne-doc-photos-Mt-Ventoux-294x300.jpg 294w, https:\/\/lesnaturalistesdeletoile.com\/wp-content\/uploads\/2019\/11\/Bryologie-2019-Ic\u00f4ne-doc-photos-Mt-Ventoux-150x150.jpg 150w, https:\/\/lesnaturalistesdeletoile.com\/wp-content\/uploads\/2019\/11\/Bryologie-2019-Ic\u00f4ne-doc-photos-Mt-Ventoux.jpg 407w\" sizes=\"auto, (max-width: 60px) 100vw, 60px\" \/><\/a><\/td>\n<\/tr>\n<tr style=\"height: 58px\">\n<td style=\"width: 23.7209%;height: 58px\"><strong>&nbsp; <br><\/strong><\/td>\n<td style=\"width: 35.3488%;height: 58px\">Du 30 juin au 5 juillet 2019<\/td>\n<td style=\"width: 45.372%;height: 58px\">Quelques lichens de Savoie<\/td>\n<td style=\"width: 77.4187%;height: 58px\">&nbsp;<\/td>\n<td style=\"width: 71.0084%;height: 58px\">&nbsp;<\/td>\n<td style=\"width: 75.1395%;height: 58px\"><a href=\"https:\/\/lesnaturalistesdeletoile.com\/wp-content\/uploads\/2019\/10\/2019-06-30-Lichens-Savoie-doc-photos.pdf\" target=\"_blank\" rel=\"noopener\"><img loading=\"lazy\" decoding=\"async\" class=\"aligncenter wp-image-5143\" src=\"https:\/\/lesnaturalistesdeletoile.com\/wp-content\/uploads\/2021\/03\/Lichens-2019-Icone-doc-photos-Savoie-294x300.jpg\" alt=\"\" width=\"60\" height=\"61\" srcset=\"https:\/\/lesnaturalistesdeletoile.com\/wp-content\/uploads\/2021\/03\/Lichens-2019-Icone-doc-photos-Savoie-294x300.jpg 294w, https:\/\/lesnaturalistesdeletoile.com\/wp-content\/uploads\/2021\/03\/Lichens-2019-Icone-doc-photos-Savoie-150x150.jpg 150w, https:\/\/lesnaturalistesdeletoile.com\/wp-content\/uploads\/2021\/03\/Lichens-2019-Icone-doc-photos-Savoie.jpg 407w\" sizes=\"auto, (max-width: 60px) 100vw, 60px\" \/><\/a><\/td>\n<\/tr>\n<tr style=\"height: 76px\">\n<td style=\"width: 23.7209%;height: 76px\"><strong>&nbsp;<\/strong><\/td>\n<td style=\"width: 35.3488%;height: 76px\">1 mars et 4 avril 2019<\/td>\n<td style=\"width: 45.372%;height: 76px\">Le Mont Vinaigre (83) &#8211; Lichens sur rhyolites<\/td>\n<td style=\"width: 77.4187%;height: 76px\">&nbsp;<\/td>\n<td style=\"width: 71.0084%;height: 76px\">&nbsp;<\/td>\n<td style=\"width: 75.1395%;height: 76px\">&nbsp;<\/td>\n<\/tr>\n<tr style=\"height: 113px\">\n<td style=\"width: 23.7209%;height: 113px\"><strong>&nbsp;<\/strong><\/td>\n<td style=\"width: 35.3488%;height: 113px\">07 mars 2019<\/td>\n<td style=\"width: 45.372%;height: 113px\">Lichens &#8211; Port-Saint-Louis et Ch\u00e2teauneuf-les-Martigues (13)<\/td>\n<td style=\"width: 77.4187%;height: 113px\"><a href=\"https:\/\/lesnaturalistesdeletoile.com\/wp-content\/uploads\/2020\/06\/2019-03-07-Inv.-Lichens-Port-St-Louis-stations.pdf\" target=\"_blank\" rel=\"noopener noreferrer\"><img loading=\"lazy\" decoding=\"async\" class=\"aligncenter wp-image-4809\" src=\"https:\/\/lesnaturalistesdeletoile.com\/wp-content\/uploads\/2020\/06\/Lichens-2019-Ic\u00f4ne-stations-Port-St-Louis-278x300.jpg\" alt=\"\" width=\"60\" height=\"65\" srcset=\"https:\/\/lesnaturalistesdeletoile.com\/wp-content\/uploads\/2020\/06\/Lichens-2019-Ic\u00f4ne-stations-Port-St-Louis-278x300.jpg 278w, https:\/\/lesnaturalistesdeletoile.com\/wp-content\/uploads\/2020\/06\/Lichens-2019-Ic\u00f4ne-stations-Port-St-Louis.jpg 408w\" sizes=\"auto, (max-width: 60px) 100vw, 60px\" \/><\/a><\/td>\n<td style=\"width: 71.0084%;height: 113px\">&nbsp;<\/td>\n<td style=\"width: 75.1395%;height: 113px\"><a href=\"https:\/\/lesnaturalistesdeletoile.com\/wp-content\/uploads\/2020\/06\/2019-03-07-Lichens-Port-Saint-Louis-doc-photos.pdf\" target=\"_blank\" rel=\"noopener noreferrer\"><img loading=\"lazy\" decoding=\"async\" class=\"aligncenter wp-image-3770\" src=\"https:\/\/lesnaturalistesdeletoile.com\/wp-content\/uploads\/2019\/10\/Lichens-2019-Ic\u00f4ne-doc-photos-Port-St-Louis-294x300.jpg\" alt=\"\" width=\"60\" height=\"61\" srcset=\"https:\/\/lesnaturalistesdeletoile.com\/wp-content\/uploads\/2019\/10\/Lichens-2019-Ic\u00f4ne-doc-photos-Port-St-Louis-294x300.jpg 294w, https:\/\/lesnaturalistesdeletoile.com\/wp-content\/uploads\/2019\/10\/Lichens-2019-Ic\u00f4ne-doc-photos-Port-St-Louis-150x150.jpg 150w, https:\/\/lesnaturalistesdeletoile.com\/wp-content\/uploads\/2019\/10\/Lichens-2019-Ic\u00f4ne-doc-photos-Port-St-Louis.jpg 407w\" sizes=\"auto, (max-width: 60px) 100vw, 60px\" \/><\/a><\/td>\n<\/tr>\n<tr style=\"height: 76px\">\n<td style=\"width: 23.7209%;height: 76px\"><strong>&nbsp;<\/strong><\/td>\n<td style=\"width: 35.3488%;height: 76px\">13 f\u00e9vrier 2019<\/td>\n<td style=\"width: 45.372%;height: 76px\">Lichens &#8211; Jouques (13) &#8211; Sur murs et sur calcaire<\/td>\n<td style=\"width: 77.4187%;height: 76px\"><a href=\"https:\/\/lesnaturalistesdeletoile.com\/wp-content\/uploads\/2019\/12\/2019-02-13-Inv.-Lichens-Jouques-stations.pdf\" target=\"_blank\" rel=\"noopener noreferrer\"><img loading=\"lazy\" decoding=\"async\" class=\"aligncenter wp-image-3773\" src=\"https:\/\/lesnaturalistesdeletoile.com\/wp-content\/uploads\/2019\/10\/Lichens-2019-Ic\u00f4ne-stations-Jouques-278x300.jpg\" alt=\"\" width=\"60\" height=\"65\" srcset=\"https:\/\/lesnaturalistesdeletoile.com\/wp-content\/uploads\/2019\/10\/Lichens-2019-Ic\u00f4ne-stations-Jouques-278x300.jpg 278w, https:\/\/lesnaturalistesdeletoile.com\/wp-content\/uploads\/2019\/10\/Lichens-2019-Ic\u00f4ne-stations-Jouques.jpg 408w\" sizes=\"auto, (max-width: 60px) 100vw, 60px\" \/><\/a><\/td>\n<td style=\"width: 71.0084%;height: 76px\"><a href=\"https:\/\/lesnaturalistesdeletoile.com\/wp-content\/uploads\/2020\/05\/2019-02-13-Inv.-Lichens-Jouques-alpha.pdf\" target=\"_blank\" rel=\"noopener noreferrer\"><img loading=\"lazy\" decoding=\"async\" class=\"aligncenter wp-image-3765\" src=\"https:\/\/lesnaturalistesdeletoile.com\/wp-content\/uploads\/2019\/10\/Lichens-2019-Ic\u00f4ne-alpha-Jouques-274x300.jpg\" alt=\"\" width=\"60\" height=\"66\" srcset=\"https:\/\/lesnaturalistesdeletoile.com\/wp-content\/uploads\/2019\/10\/Lichens-2019-Ic\u00f4ne-alpha-Jouques-274x300.jpg 274w, https:\/\/lesnaturalistesdeletoile.com\/wp-content\/uploads\/2019\/10\/Lichens-2019-Ic\u00f4ne-alpha-Jouques.jpg 406w\" sizes=\"auto, (max-width: 60px) 100vw, 60px\" \/><\/a><\/td>\n<td style=\"width: 75.1395%;height: 76px\"><a href=\"https:\/\/lesnaturalistesdeletoile.com\/wp-content\/uploads\/2020\/05\/2019-02-13-Lichens-Jouques-doc-photos.pdf\" target=\"_blank\" rel=\"noopener noreferrer\"><img loading=\"lazy\" decoding=\"async\" class=\"aligncenter wp-image-3768\" src=\"https:\/\/lesnaturalistesdeletoile.com\/wp-content\/uploads\/2019\/10\/Lichens-2019-Ic\u00f4ne-doc-photos-Jouques-294x300.jpg\" alt=\"\" width=\"60\" height=\"61\" srcset=\"https:\/\/lesnaturalistesdeletoile.com\/wp-content\/uploads\/2019\/10\/Lichens-2019-Ic\u00f4ne-doc-photos-Jouques-294x300.jpg 294w, https:\/\/lesnaturalistesdeletoile.com\/wp-content\/uploads\/2019\/10\/Lichens-2019-Ic\u00f4ne-doc-photos-Jouques-150x150.jpg 150w, https:\/\/lesnaturalistesdeletoile.com\/wp-content\/uploads\/2019\/10\/Lichens-2019-Ic\u00f4ne-doc-photos-Jouques.jpg 407w\" sizes=\"auto, (max-width: 60px) 100vw, 60px\" \/><\/a><\/td>\n<\/tr>\n<tr style=\"height: 131px\">\n<td style=\"width: 23.7209%;height: 131px\"><strong>&nbsp;<\/strong><\/td>\n<td style=\"width: 35.3488%;height: 131px\">7 f\u00e9vrier 2019<\/td>\n<td style=\"width: 45.372%;height: 131px\">Atelier sur Buellia et Aspicilia (microscope) en lien avec les lichens de Roquebrune<\/td>\n<td style=\"width: 77.4187%;height: 131px\">&nbsp;<\/td>\n<td style=\"width: 71.0084%;height: 131px\">&nbsp;<\/td>\n<td style=\"width: 75.1395%;height: 131px\"><a href=\"https:\/\/lesnaturalistesdeletoile.com\/wp-content\/uploads\/2019\/10\/2019-02-07-Atelier-lichens-Buellia-et-Aspicilia.pdf\" target=\"_blank\" rel=\"noopener noreferrer\"><img loading=\"lazy\" decoding=\"async\" class=\"aligncenter wp-image-3714\" src=\"https:\/\/lesnaturalistesdeletoile.com\/wp-content\/uploads\/2019\/10\/Lichens-2019-Ic\u00f4ne-doc-photos-Buellia-Aspiciliajpg-294x300.jpg\" alt=\"\" width=\"60\" height=\"61\" srcset=\"https:\/\/lesnaturalistesdeletoile.com\/wp-content\/uploads\/2019\/10\/Lichens-2019-Ic\u00f4ne-doc-photos-Buellia-Aspiciliajpg-294x300.jpg 294w, https:\/\/lesnaturalistesdeletoile.com\/wp-content\/uploads\/2019\/10\/Lichens-2019-Ic\u00f4ne-doc-photos-Buellia-Aspiciliajpg-150x150.jpg 150w, https:\/\/lesnaturalistesdeletoile.com\/wp-content\/uploads\/2019\/10\/Lichens-2019-Ic\u00f4ne-doc-photos-Buellia-Aspiciliajpg.jpg 407w\" sizes=\"auto, (max-width: 60px) 100vw, 60px\" \/><\/a><\/td>\n<\/tr>\n<tr style=\"height: 95px\">\n<td style=\"width: 23.7209%;height: 95px\"><strong>&nbsp;<\/strong><\/td>\n<td style=\"width: 35.3488%;height: 95px\">24 et 30 janvier 2019<\/td>\n<td style=\"width: 45.372%;height: 95px\">Roquebrune (83) &#8211; Lichens sur silice (gr\u00e8s du permien)<\/td>\n<td style=\"width: 77.4187%;height: 95px\">&nbsp;<\/td>\n<td style=\"width: 71.0084%;height: 95px\">&nbsp;<\/td>\n<td style=\"width: 75.1395%;height: 95px\">&nbsp;<\/td>\n<\/tr>\n<tr style=\"height: 95px\">\n<td style=\"width: 23.7209%;height: 95px\"><strong>&nbsp; 2018<\/strong><\/td>\n<td style=\"width: 35.3488%;height: 95px\">05 d\u00e9cembre 2018<\/td>\n<td style=\"width: 45.372%;height: 95px\">Saint-Julien-le-Montagnier (83) &#8211; Lichens sur molasse<\/td>\n<td style=\"width: 77.4187%;height: 95px\"><a href=\"https:\/\/lesnaturalistesdeletoile.com\/wp-content\/uploads\/2020\/04\/2018-12-05-Inv.-Lichens-St-Julien-stations.pdf\" target=\"_blank\" rel=\"noopener noreferrer\"><img loading=\"lazy\" decoding=\"async\" class=\"aligncenter wp-image-3763\" src=\"https:\/\/lesnaturalistesdeletoile.com\/wp-content\/uploads\/2019\/10\/Lichens-2018-Ic\u00f4ne-stations-St-Julien-278x300.jpg\" alt=\"\" width=\"60\" height=\"65\" srcset=\"https:\/\/lesnaturalistesdeletoile.com\/wp-content\/uploads\/2019\/10\/Lichens-2018-Ic\u00f4ne-stations-St-Julien-278x300.jpg 278w, https:\/\/lesnaturalistesdeletoile.com\/wp-content\/uploads\/2019\/10\/Lichens-2018-Ic\u00f4ne-stations-St-Julien.jpg 408w\" sizes=\"auto, (max-width: 60px) 100vw, 60px\" \/><\/a><\/td>\n<td style=\"width: 71.0084%;height: 95px\"><a href=\"https:\/\/lesnaturalistesdeletoile.com\/wp-content\/uploads\/2020\/04\/2018-12-05-Inv.-Lichens-St-Julien-alpha.pdf\" target=\"_blank\" rel=\"noopener noreferrer\"><img loading=\"lazy\" decoding=\"async\" class=\"aligncenter wp-image-3754\" src=\"https:\/\/lesnaturalistesdeletoile.com\/wp-content\/uploads\/2019\/10\/Lichens-2018-Ic\u00f4ne-alpha-St-Julien-274x300.jpg\" alt=\"\" width=\"60\" height=\"66\" srcset=\"https:\/\/lesnaturalistesdeletoile.com\/wp-content\/uploads\/2019\/10\/Lichens-2018-Ic\u00f4ne-alpha-St-Julien-274x300.jpg 274w, https:\/\/lesnaturalistesdeletoile.com\/wp-content\/uploads\/2019\/10\/Lichens-2018-Ic\u00f4ne-alpha-St-Julien.jpg 406w\" sizes=\"auto, (max-width: 60px) 100vw, 60px\" \/><\/a><\/td>\n<td style=\"width: 75.1395%;height: 95px\"><a href=\"https:\/\/lesnaturalistesdeletoile.com\/wp-content\/uploads\/2020\/04\/2018-12-05-Lichens-St-Julien-le-Montagnier-Doc-photos.pdf\" target=\"_blank\" rel=\"noopener noreferrer\"><img loading=\"lazy\" decoding=\"async\" class=\"aligncenter wp-image-3758\" src=\"https:\/\/lesnaturalistesdeletoile.com\/wp-content\/uploads\/2019\/10\/Lichens-2018-Ic\u00f4ne-doc-photos-St-Julien-294x300.jpg\" alt=\"\" width=\"60\" height=\"61\" srcset=\"https:\/\/lesnaturalistesdeletoile.com\/wp-content\/uploads\/2019\/10\/Lichens-2018-Ic\u00f4ne-doc-photos-St-Julien-294x300.jpg 294w, https:\/\/lesnaturalistesdeletoile.com\/wp-content\/uploads\/2019\/10\/Lichens-2018-Ic\u00f4ne-doc-photos-St-Julien-150x150.jpg 150w, https:\/\/lesnaturalistesdeletoile.com\/wp-content\/uploads\/2019\/10\/Lichens-2018-Ic\u00f4ne-doc-photos-St-Julien.jpg 407w\" sizes=\"auto, (max-width: 60px) 100vw, 60px\" \/><\/a><\/td>\n<\/tr>\n<tr style=\"height: 131px\">\n<td style=\"width: 23.7209%;height: 131px\"><strong>&nbsp;<\/strong><\/td>\n<td style=\"width: 35.3488%;height: 131px\">12 novembre 2018<\/td>\n<td style=\"width: 45.372%;height: 131px\">Lichens &#8211; Sainte-Baume (83) &#8211; Sentier vers le Paradis et&nbsp; lapiaz en face de l&rsquo;H\u00f4tellerie<\/td>\n<td style=\"width: 77.4187%;height: 131px\">&nbsp;<\/td>\n<td style=\"width: 71.0084%;height: 131px\"><a href=\"https:\/\/lesnaturalistesdeletoile.com\/wp-content\/uploads\/2020\/02\/2018-11-12-Inv.-Lichens-Ste-Baume-alpha.pdf\" target=\"_blank\" rel=\"noopener noreferrer\"><img loading=\"lazy\" decoding=\"async\" class=\"aligncenter wp-image-3755\" src=\"https:\/\/lesnaturalistesdeletoile.com\/wp-content\/uploads\/2019\/10\/Lichens-2018-Ic\u00f4ne-alpha-Ste-Baume-274x300.jpg\" alt=\"\" width=\"60\" height=\"66\" srcset=\"https:\/\/lesnaturalistesdeletoile.com\/wp-content\/uploads\/2019\/10\/Lichens-2018-Ic\u00f4ne-alpha-Ste-Baume-274x300.jpg 274w, https:\/\/lesnaturalistesdeletoile.com\/wp-content\/uploads\/2019\/10\/Lichens-2018-Ic\u00f4ne-alpha-Ste-Baume.jpg 406w\" sizes=\"auto, (max-width: 60px) 100vw, 60px\" \/><\/a><\/td>\n<td style=\"width: 75.1395%;height: 131px\"><a href=\"https:\/\/lesnaturalistesdeletoile.com\/wp-content\/uploads\/2020\/04\/2018-11-12-Lichens-Ste-Baume-Doc-photos.pdf\" target=\"_blank\" rel=\"noopener noreferrer\"><img loading=\"lazy\" decoding=\"async\" class=\"aligncenter wp-image-3759\" src=\"https:\/\/lesnaturalistesdeletoile.com\/wp-content\/uploads\/2019\/10\/Lichens-2018-Ic\u00f4ne-doc-photos-Ste-Baume-294x300.jpg\" alt=\"\" width=\"60\" height=\"61\" srcset=\"https:\/\/lesnaturalistesdeletoile.com\/wp-content\/uploads\/2019\/10\/Lichens-2018-Ic\u00f4ne-doc-photos-Ste-Baume-294x300.jpg 294w, https:\/\/lesnaturalistesdeletoile.com\/wp-content\/uploads\/2019\/10\/Lichens-2018-Ic\u00f4ne-doc-photos-Ste-Baume-150x150.jpg 150w, https:\/\/lesnaturalistesdeletoile.com\/wp-content\/uploads\/2019\/10\/Lichens-2018-Ic\u00f4ne-doc-photos-Ste-Baume.jpg 407w\" sizes=\"auto, (max-width: 60px) 100vw, 60px\" \/><\/a><\/td>\n<\/tr>\n<tr style=\"height: 131px\">\n<td style=\"width: 23.7209%;height: 131px\"><strong>&nbsp;<\/strong><\/td>\n<td style=\"width: 35.3488%;height: 131px\">26 et 27 septembre 2018<\/td>\n<td style=\"width: 45.372%;height: 131px\">Deux jours dans la r\u00e9gion de Colmars-Allos (04) &#8211; Quelques lichens<\/td>\n<td style=\"width: 77.4187%;height: 131px\"><a href=\"https:\/\/lesnaturalistesdeletoile.com\/wp-content\/uploads\/2019\/10\/2018-09-26-Inv.-lichens-Colmars-stations.pdf\" target=\"_blank\" rel=\"noopener noreferrer\"><img loading=\"lazy\" decoding=\"async\" class=\"aligncenter wp-image-3761\" src=\"https:\/\/lesnaturalistesdeletoile.com\/wp-content\/uploads\/2019\/10\/Lichens-2018-Ic\u00f4ne-stations-Colmars-278x300.jpg\" alt=\"\" width=\"60\" height=\"65\" srcset=\"https:\/\/lesnaturalistesdeletoile.com\/wp-content\/uploads\/2019\/10\/Lichens-2018-Ic\u00f4ne-stations-Colmars-278x300.jpg 278w, https:\/\/lesnaturalistesdeletoile.com\/wp-content\/uploads\/2019\/10\/Lichens-2018-Ic\u00f4ne-stations-Colmars.jpg 408w\" sizes=\"auto, (max-width: 60px) 100vw, 60px\" \/><\/a><\/td>\n<td style=\"width: 71.0084%;height: 131px\"><a href=\"https:\/\/lesnaturalistesdeletoile.com\/wp-content\/uploads\/2019\/10\/2018-09-26-Inv.-lichens-Colmars-alpha.pdf\" target=\"_blank\" rel=\"noopener noreferrer\"><img loading=\"lazy\" decoding=\"async\" class=\"aligncenter wp-image-3752\" src=\"https:\/\/lesnaturalistesdeletoile.com\/wp-content\/uploads\/2019\/10\/Lichens-2018-Ic\u00f4ne-alpha-Colmars-274x300.jpg\" alt=\"\" width=\"60\" height=\"66\" srcset=\"https:\/\/lesnaturalistesdeletoile.com\/wp-content\/uploads\/2019\/10\/Lichens-2018-Ic\u00f4ne-alpha-Colmars-274x300.jpg 274w, https:\/\/lesnaturalistesdeletoile.com\/wp-content\/uploads\/2019\/10\/Lichens-2018-Ic\u00f4ne-alpha-Colmars.jpg 406w\" sizes=\"auto, (max-width: 60px) 100vw, 60px\" \/><\/a><\/td>\n<td style=\"width: 75.1395%;height: 131px\"><a href=\"https:\/\/lesnaturalistesdeletoile.com\/wp-content\/uploads\/2019\/10\/2019-09-26-Lichens-Colmars-Doc.-photos.pdf\" target=\"_blank\" rel=\"noopener noreferrer\"><img loading=\"lazy\" decoding=\"async\" class=\"aligncenter wp-image-3756\" src=\"https:\/\/lesnaturalistesdeletoile.com\/wp-content\/uploads\/2019\/10\/Lichens-2018-Ic\u00f4ne-doc-photos-Colmars-294x300.jpg\" alt=\"\" width=\"60\" height=\"61\" srcset=\"https:\/\/lesnaturalistesdeletoile.com\/wp-content\/uploads\/2019\/10\/Lichens-2018-Ic\u00f4ne-doc-photos-Colmars-294x300.jpg 294w, https:\/\/lesnaturalistesdeletoile.com\/wp-content\/uploads\/2019\/10\/Lichens-2018-Ic\u00f4ne-doc-photos-Colmars-150x150.jpg 150w, https:\/\/lesnaturalistesdeletoile.com\/wp-content\/uploads\/2019\/10\/Lichens-2018-Ic\u00f4ne-doc-photos-Colmars.jpg 407w\" sizes=\"auto, (max-width: 60px) 100vw, 60px\" \/><\/a><\/td>\n<\/tr>\n<tr style=\"height: 76px\">\n<td style=\"width: 23.7209%;height: 76px\"><strong>&nbsp;<\/strong><\/td>\n<td style=\"width: 35.3488%;height: 76px\">02 juillet 2018<\/td>\n<td style=\"width: 45.372%;height: 76px\">Quelques lichens du Col de la Cayolle (04)<\/td>\n<td style=\"width: 77.4187%;height: 76px\">&nbsp;<\/td>\n<td style=\"width: 71.0084%;height: 76px\">&nbsp;<\/td>\n<td style=\"width: 75.1395%;height: 76px\"><a href=\"https:\/\/lesnaturalistesdeletoile.com\/wp-content\/uploads\/2019\/10\/2018-07-02-Lichens-Col-de-la-Cayolle-Doc.-photos.pdf\" target=\"_blank\" rel=\"noopener noreferrer\"><img loading=\"lazy\" decoding=\"async\" class=\"aligncenter wp-image-3701\" src=\"https:\/\/lesnaturalistesdeletoile.com\/wp-content\/uploads\/2019\/10\/Lichens-2018-Ic\u00f4ne-doc-photos-Col-Cayolle-294x300.jpg\" alt=\"\" width=\"60\" height=\"61\" srcset=\"https:\/\/lesnaturalistesdeletoile.com\/wp-content\/uploads\/2019\/10\/Lichens-2018-Ic\u00f4ne-doc-photos-Col-Cayolle-294x300.jpg 294w, https:\/\/lesnaturalistesdeletoile.com\/wp-content\/uploads\/2019\/10\/Lichens-2018-Ic\u00f4ne-doc-photos-Col-Cayolle-150x150.jpg 150w, https:\/\/lesnaturalistesdeletoile.com\/wp-content\/uploads\/2019\/10\/Lichens-2018-Ic\u00f4ne-doc-photos-Col-Cayolle.jpg 407w\" sizes=\"auto, (max-width: 60px) 100vw, 60px\" \/><\/a><\/td>\n<\/tr>\n<tr style=\"height: 113px\">\n<td style=\"width: 23.7209%;height: 113px\"><strong>&nbsp;<\/strong><\/td>\n<td style=\"width: 35.3488%;height: 113px\">22 f\u00e9vrier 2018&nbsp; (et 04 d\u00e9cembre 17)<\/td>\n<td style=\"width: 45.372%;height: 113px\">Bormes (Notre Dame de Constance, 83) &#8211; Lichens sur silice<\/td>\n<td style=\"width: 77.4187%;height: 113px\">&nbsp;<\/td>\n<td style=\"width: 71.0084%;height: 113px\">&nbsp;<\/td>\n<td style=\"width: 75.1395%;height: 113px\">&nbsp;<\/td>\n<\/tr>\n<tr style=\"height: 58px\">\n<td style=\"width: 23.7209%;height: 58px\"><strong>&nbsp;<\/strong><\/td>\n<td style=\"width: 35.3488%;height: 58px\">08 f\u00e9vrier 2018<\/td>\n<td style=\"width: 45.372%;height: 58px\">Lichens &#8211; Les Encanaux, Auriol (13)<\/td>\n<td style=\"width: 77.4187%;height: 58px\"><a href=\"https:\/\/lesnaturalistesdeletoile.com\/wp-content\/uploads\/2019\/12\/2018-02-08-Inv.-Lichens-Encanaux-stations-2.pdf\" target=\"_blank\" rel=\"noopener noreferrer\"><img loading=\"lazy\" decoding=\"async\" class=\"aligncenter wp-image-3705\" src=\"https:\/\/lesnaturalistesdeletoile.com\/wp-content\/uploads\/2019\/10\/Lichens-2018-Ic\u00f4ne-stations-Encanaux-278x300.jpg\" alt=\"\" width=\"60\" height=\"65\" srcset=\"https:\/\/lesnaturalistesdeletoile.com\/wp-content\/uploads\/2019\/10\/Lichens-2018-Ic\u00f4ne-stations-Encanaux-278x300.jpg 278w, https:\/\/lesnaturalistesdeletoile.com\/wp-content\/uploads\/2019\/10\/Lichens-2018-Ic\u00f4ne-stations-Encanaux.jpg 408w\" sizes=\"auto, (max-width: 60px) 100vw, 60px\" \/><\/a><\/td>\n<td style=\"width: 71.0084%;height: 58px\"><a href=\"https:\/\/lesnaturalistesdeletoile.com\/wp-content\/uploads\/2019\/12\/2018-02-08-Inv.-Lichens-Encanaux-alpha-2.pdf\" target=\"_blank\" rel=\"noopener noreferrer\"><img loading=\"lazy\" decoding=\"async\" class=\"aligncenter wp-image-3704\" src=\"https:\/\/lesnaturalistesdeletoile.com\/wp-content\/uploads\/2019\/10\/Lichens-2018-Ic\u00f4ne-alpha-Encanaux-274x300.jpg\" alt=\"\" width=\"60\" height=\"66\" srcset=\"https:\/\/lesnaturalistesdeletoile.com\/wp-content\/uploads\/2019\/10\/Lichens-2018-Ic\u00f4ne-alpha-Encanaux-274x300.jpg 274w, https:\/\/lesnaturalistesdeletoile.com\/wp-content\/uploads\/2019\/10\/Lichens-2018-Ic\u00f4ne-alpha-Encanaux.jpg 406w\" sizes=\"auto, (max-width: 60px) 100vw, 60px\" \/><\/a><\/td>\n<td style=\"width: 75.1395%;height: 58px\"><a href=\"https:\/\/lesnaturalistesdeletoile.com\/wp-content\/uploads\/2019\/12\/2018-02-08-Lichens-Encanaux-Auriol-Doc.-photos-2.pdf\" target=\"_blank\" rel=\"noopener noreferrer\"><img loading=\"lazy\" decoding=\"async\" class=\"aligncenter wp-image-3702\" src=\"https:\/\/lesnaturalistesdeletoile.com\/wp-content\/uploads\/2019\/10\/Lichens-2018-Ic\u00f4ne-doc-photos-Encanaux-294x300.jpg\" alt=\"\" width=\"60\" height=\"61\" srcset=\"https:\/\/lesnaturalistesdeletoile.com\/wp-content\/uploads\/2019\/10\/Lichens-2018-Ic\u00f4ne-doc-photos-Encanaux-294x300.jpg 294w, https:\/\/lesnaturalistesdeletoile.com\/wp-content\/uploads\/2019\/10\/Lichens-2018-Ic\u00f4ne-doc-photos-Encanaux-150x150.jpg 150w, https:\/\/lesnaturalistesdeletoile.com\/wp-content\/uploads\/2019\/10\/Lichens-2018-Ic\u00f4ne-doc-photos-Encanaux.jpg 407w\" sizes=\"auto, (max-width: 60px) 100vw, 60px\" \/><\/a><\/td>\n<\/tr>\n<tr style=\"height: 113px\">\n<td style=\"width: 23.7209%;height: 113px\"><strong>&nbsp;<\/strong><\/td>\n<td style=\"width: 35.3488%;height: 113px\">13 janvier 2018<\/td>\n<td style=\"width: 45.372%;height: 113px\">Buoux, Vallon de l&rsquo;Aiguebrun (84) &#8211; Etude de quelques lichens<\/td>\n<td style=\"width: 77.4187%;height: 113px\"><a href=\"https:\/\/lesnaturalistesdeletoile.com\/wp-content\/uploads\/2019\/10\/2015-10-27-Inv.-lichens-Buoux-stations.pdf\" target=\"_blank\" rel=\"noopener noreferrer\"><img loading=\"lazy\" decoding=\"async\" class=\"aligncenter wp-image-3696\" src=\"https:\/\/lesnaturalistesdeletoile.com\/wp-content\/uploads\/2019\/10\/Lichens-2018-Ic\u00f4ne-stations-Buoux-278x300.jpg\" alt=\"\" width=\"60\" height=\"65\" srcset=\"https:\/\/lesnaturalistesdeletoile.com\/wp-content\/uploads\/2019\/10\/Lichens-2018-Ic\u00f4ne-stations-Buoux-278x300.jpg 278w, https:\/\/lesnaturalistesdeletoile.com\/wp-content\/uploads\/2019\/10\/Lichens-2018-Ic\u00f4ne-stations-Buoux.jpg 408w\" sizes=\"auto, (max-width: 60px) 100vw, 60px\" \/><\/a><\/td>\n<td style=\"width: 71.0084%;height: 113px\"><a href=\"https:\/\/lesnaturalistesdeletoile.com\/wp-content\/uploads\/2019\/10\/2015-10-27-Inv.-lichens-Buoux-alpha.pdf\" target=\"_blank\" rel=\"noopener noreferrer\"><img loading=\"lazy\" decoding=\"async\" class=\"aligncenter wp-image-3694\" src=\"https:\/\/lesnaturalistesdeletoile.com\/wp-content\/uploads\/2019\/10\/Lichens-2018-Ic\u00f4ne-alpha-Buoux-274x300.jpg\" alt=\"\" width=\"60\" height=\"66\" srcset=\"https:\/\/lesnaturalistesdeletoile.com\/wp-content\/uploads\/2019\/10\/Lichens-2018-Ic\u00f4ne-alpha-Buoux-274x300.jpg 274w, https:\/\/lesnaturalistesdeletoile.com\/wp-content\/uploads\/2019\/10\/Lichens-2018-Ic\u00f4ne-alpha-Buoux.jpg 406w\" sizes=\"auto, (max-width: 60px) 100vw, 60px\" \/><\/a><\/td>\n<td style=\"width: 75.1395%;height: 113px\"><a href=\"https:\/\/lesnaturalistesdeletoile.com\/wp-content\/uploads\/2019\/10\/2018-01-13-Lichens-Buoux-doc-photos.pdf\" target=\"_blank\" rel=\"noopener noreferrer\"><img loading=\"lazy\" decoding=\"async\" class=\"aligncenter wp-image-3695\" src=\"https:\/\/lesnaturalistesdeletoile.com\/wp-content\/uploads\/2019\/10\/Lichens-2018-Ic\u00f4ne-doc-photos-Buoux-294x300.jpg\" alt=\"\" width=\"60\" height=\"61\" srcset=\"https:\/\/lesnaturalistesdeletoile.com\/wp-content\/uploads\/2019\/10\/Lichens-2018-Ic\u00f4ne-doc-photos-Buoux-294x300.jpg 294w, https:\/\/lesnaturalistesdeletoile.com\/wp-content\/uploads\/2019\/10\/Lichens-2018-Ic\u00f4ne-doc-photos-Buoux-150x150.jpg 150w, https:\/\/lesnaturalistesdeletoile.com\/wp-content\/uploads\/2019\/10\/Lichens-2018-Ic\u00f4ne-doc-photos-Buoux.jpg 407w\" sizes=\"auto, (max-width: 60px) 100vw, 60px\" \/><\/a><\/td>\n<\/tr>\n<tr style=\"height: 95px\">\n<td style=\"width: 23.7209%;height: 95px\"><strong>2017<\/strong><\/td>\n<td style=\"width: 35.3488%;height: 95px\">18 novembre 2017<\/td>\n<td style=\"width: 45.372%;height: 95px\">Lichens (initiation) \u2013&nbsp; Saint-Julien-le-Montagnier (83)<\/td>\n<td style=\"width: 77.4187%;height: 95px\">\n<figure>\n<figure><a href=\"https:\/\/lesnaturalistesdeletoile.com\/wp-content\/uploads\/2020\/04\/2017-11-18-Inv.-lichens-St-Julien-stations.pdf\" target=\"_blank\" rel=\"noopener\"><img loading=\"lazy\" decoding=\"async\" class=\"aligncenter wp-image-1454\" src=\"https:\/\/lesnaturalistesdeletoile.com\/wp-content\/uploads\/2018\/01\/Lichens-2017-Ic\u00f4ne-stations-St-Julien-1-278x300.jpg\" alt=\"\" width=\"60\" height=\"65\" srcset=\"https:\/\/lesnaturalistesdeletoile.com\/wp-content\/uploads\/2018\/01\/Lichens-2017-Ic\u00f4ne-stations-St-Julien-1-278x300.jpg 278w, https:\/\/lesnaturalistesdeletoile.com\/wp-content\/uploads\/2018\/01\/Lichens-2017-Ic\u00f4ne-stations-St-Julien-1.jpg 408w\" sizes=\"auto, (max-width: 60px) 100vw, 60px\" \/><\/a><\/figure>\n<\/figure>\n<\/td>\n<td style=\"width: 71.0084%;height: 95px\">\n<figure>\n<figure><a href=\"https:\/\/lesnaturalistesdeletoile.com\/wp-content\/uploads\/2020\/04\/2017-11-18-Inv.-lichens-St-Julien-alpha.pdf\" target=\"_blank\" rel=\"noopener\"><img loading=\"lazy\" decoding=\"async\" class=\"aligncenter wp-image-1445\" src=\"https:\/\/lesnaturalistesdeletoile.com\/wp-content\/uploads\/2018\/01\/Lichens-2017-Ic\u00f4ne-alpha-St-Julien-1-274x300.jpg\" alt=\"\" width=\"60\" height=\"66\" srcset=\"https:\/\/lesnaturalistesdeletoile.com\/wp-content\/uploads\/2018\/01\/Lichens-2017-Ic\u00f4ne-alpha-St-Julien-1-274x300.jpg 274w, https:\/\/lesnaturalistesdeletoile.com\/wp-content\/uploads\/2018\/01\/Lichens-2017-Ic\u00f4ne-alpha-St-Julien-1.jpg 406w\" sizes=\"auto, (max-width: 60px) 100vw, 60px\" \/><\/a><\/figure>\n<\/figure>\n<\/td>\n<td style=\"width: 75.1395%;height: 95px\">\n<figure>\n<figure><a href=\"https:\/\/lesnaturalistesdeletoile.com\/wp-content\/uploads\/2020\/04\/2017-11-18-Lichens-St-Julien-le-Montagnier-doc-photos.pdf\" target=\"_blank\" rel=\"noopener\"><img loading=\"lazy\" decoding=\"async\" class=\"aligncenter wp-image-1449\" src=\"https:\/\/lesnaturalistesdeletoile.com\/wp-content\/uploads\/2018\/01\/Lichens-2017-Ic\u00f4ne-doc-photos-St-Julien-1-294x300.jpg\" alt=\"\" width=\"60\" height=\"61\" srcset=\"https:\/\/lesnaturalistesdeletoile.com\/wp-content\/uploads\/2018\/01\/Lichens-2017-Ic\u00f4ne-doc-photos-St-Julien-1-294x300.jpg 294w, https:\/\/lesnaturalistesdeletoile.com\/wp-content\/uploads\/2018\/01\/Lichens-2017-Ic\u00f4ne-doc-photos-St-Julien-1-150x150.jpg 150w, https:\/\/lesnaturalistesdeletoile.com\/wp-content\/uploads\/2018\/01\/Lichens-2017-Ic\u00f4ne-doc-photos-St-Julien-1.jpg 407w\" sizes=\"auto, (max-width: 60px) 100vw, 60px\" \/><\/a><\/figure>\n<\/figure>\n<\/td>\n<\/tr>\n<tr style=\"height: 113px\">\n<td style=\"width: 23.7209%;height: 113px\"><strong>&nbsp;<\/strong><\/td>\n<td style=\"width: 35.3488%;height: 113px\">09 novembre 2017<\/td>\n<td style=\"width: 45.372%;height: 113px\">Cassis, Chemin du Revestel (13) &#8211; Lichens saxicoles calcicoles<\/td>\n<td style=\"width: 77.4187%;height: 113px\">&nbsp;<\/td>\n<td style=\"width: 71.0084%;height: 113px\">&nbsp;<\/td>\n<td style=\"width: 75.1395%;height: 113px\"><a href=\"https:\/\/lesnaturalistesdeletoile.com\/wp-content\/uploads\/2019\/10\/2017-11-09-Lichens-Cassis-le-Revestrel-Doc-photos.pdf\" target=\"_blank\" rel=\"noopener noreferrer\"><img loading=\"lazy\" decoding=\"async\" class=\"aligncenter wp-image-3692\" src=\"https:\/\/lesnaturalistesdeletoile.com\/wp-content\/uploads\/2019\/10\/Lichens-2017-Ic\u00f4ne-doc-photos-Cassis-294x300.jpg\" alt=\"\" width=\"60\" height=\"61\" srcset=\"https:\/\/lesnaturalistesdeletoile.com\/wp-content\/uploads\/2019\/10\/Lichens-2017-Ic\u00f4ne-doc-photos-Cassis-294x300.jpg 294w, https:\/\/lesnaturalistesdeletoile.com\/wp-content\/uploads\/2019\/10\/Lichens-2017-Ic\u00f4ne-doc-photos-Cassis-150x150.jpg 150w, https:\/\/lesnaturalistesdeletoile.com\/wp-content\/uploads\/2019\/10\/Lichens-2017-Ic\u00f4ne-doc-photos-Cassis.jpg 407w\" sizes=\"auto, (max-width: 60px) 100vw, 60px\" \/><\/a><\/td>\n<\/tr>\n<tr style=\"height: 131px\">\n<td style=\"width: 23.7209%;height: 131px\">&nbsp;<\/td>\n<td style=\"width: 35.3488%;height: 131px\">2 novembre 2017<\/td>\n<td style=\"width: 45.372%;height: 131px\">Lichens Sainte-Baume (83) &#8211; For\u00eat et cr\u00eate, quelques observations<\/td>\n<td style=\"width: 77.4187%;height: 131px\">&nbsp;<\/td>\n<td style=\"width: 71.0084%;height: 131px\">\n<figure>\n<figure><a href=\"https:\/\/lesnaturalistesdeletoile.com\/wp-content\/uploads\/2019\/10\/2017-11-02-Inv.-lichens-Ste-Baume-alpha.pdf\" target=\"_blank\" rel=\"noopener\"><img loading=\"lazy\" decoding=\"async\" class=\"aligncenter wp-image-1486\" src=\"https:\/\/lesnaturalistesdeletoile.com\/wp-content\/uploads\/2018\/01\/Bryologie-2017-Ic\u00f4ne-alpha-Ste-Baume-1-274x300.jpg\" alt=\"\" width=\"60\" height=\"66\" srcset=\"https:\/\/lesnaturalistesdeletoile.com\/wp-content\/uploads\/2018\/01\/Bryologie-2017-Ic\u00f4ne-alpha-Ste-Baume-1-274x300.jpg 274w, https:\/\/lesnaturalistesdeletoile.com\/wp-content\/uploads\/2018\/01\/Bryologie-2017-Ic\u00f4ne-alpha-Ste-Baume-1.jpg 406w\" sizes=\"auto, (max-width: 60px) 100vw, 60px\" \/><\/a><\/figure>\n<\/figure>\n<\/td>\n<td style=\"width: 75.1395%;height: 131px\">&nbsp;<\/td>\n<\/tr>\n<tr style=\"height: 149px\">\n<td style=\"width: 23.7209%;height: 149px\">&nbsp;<\/td>\n<td style=\"width: 35.3488%;height: 149px\">du 3 au 21 mars 2017<\/td>\n<td style=\"width: 45.372%;height: 149px\">Lichens du littoral (synth\u00e8se des d\u00e9couvertes lors des sorties botaniques)<\/td>\n<td style=\"width: 77.4187%;height: 149px\">\n<figure>\n<figure><a href=\"https:\/\/lesnaturalistesdeletoile.com\/wp-content\/uploads\/2019\/10\/2017-03-21-Inv.-Lichens-Littoral-du-13-stations.pdf\" target=\"_blank\" rel=\"noopener\"><img loading=\"lazy\" decoding=\"async\" class=\"aligncenter wp-image-1453\" src=\"https:\/\/lesnaturalistesdeletoile.com\/wp-content\/uploads\/2018\/01\/Lichens-2017-Ic\u00f4ne-stations-Littoral-BdR-1-278x300.jpg\" alt=\"\" width=\"60\" height=\"65\" srcset=\"https:\/\/lesnaturalistesdeletoile.com\/wp-content\/uploads\/2018\/01\/Lichens-2017-Ic\u00f4ne-stations-Littoral-BdR-1-278x300.jpg 278w, https:\/\/lesnaturalistesdeletoile.com\/wp-content\/uploads\/2018\/01\/Lichens-2017-Ic\u00f4ne-stations-Littoral-BdR-1.jpg 408w\" sizes=\"auto, (max-width: 60px) 100vw, 60px\" \/><\/a><\/figure>\n<\/figure>\n<\/td>\n<td style=\"width: 71.0084%;height: 149px\">&nbsp;<\/td>\n<td style=\"width: 75.1395%;height: 149px\">&nbsp;<\/td>\n<\/tr>\n<tr style=\"height: 95px\">\n<td style=\"width: 23.7209%;height: 95px\">&nbsp;<\/td>\n<td style=\"width: 35.3488%;height: 95px\">30 janvier 2017<\/td>\n<td style=\"width: 45.372%;height: 95px\">Lichens \u2013 G\u00e9menos (13) &#8211; Parc de Saint-Pons<\/td>\n<td style=\"width: 77.4187%;height: 95px\">\n<figure>\n<figure><a href=\"https:\/\/lesnaturalistesdeletoile.com\/wp-content\/uploads\/2019\/10\/2017-01-30-Inv.-lichens-G\u00e9menos-stations-1.pdf\" target=\"_blank\" rel=\"noopener\"><img loading=\"lazy\" decoding=\"async\" class=\"aligncenter wp-image-1452\" src=\"https:\/\/lesnaturalistesdeletoile.com\/wp-content\/uploads\/2018\/01\/Lichens-2017-Ic\u00f4ne-stations-G\u00e9menos-1-278x300.jpg\" alt=\"\" width=\"60\" height=\"65\" srcset=\"https:\/\/lesnaturalistesdeletoile.com\/wp-content\/uploads\/2018\/01\/Lichens-2017-Ic\u00f4ne-stations-G\u00e9menos-1-278x300.jpg 278w, https:\/\/lesnaturalistesdeletoile.com\/wp-content\/uploads\/2018\/01\/Lichens-2017-Ic\u00f4ne-stations-G\u00e9menos-1.jpg 408w\" sizes=\"auto, (max-width: 60px) 100vw, 60px\" \/><\/a><\/figure>\n<\/figure>\n<\/td>\n<td style=\"width: 71.0084%;height: 95px\">\n<figure>\n<figure><a href=\"https:\/\/lesnaturalistesdeletoile.com\/wp-content\/uploads\/2019\/10\/2017-01-30-Inv.-lichens-G\u00e9menos-alpha-1.pdf\" target=\"_blank\" rel=\"noopener\"><img loading=\"lazy\" decoding=\"async\" class=\"aligncenter wp-image-1485\" src=\"https:\/\/lesnaturalistesdeletoile.com\/wp-content\/uploads\/2018\/01\/Bryologie-2017-Ic\u00f4ne-alpha-G\u00e9menos-1-274x300.jpg\" alt=\"\" width=\"60\" height=\"66\" srcset=\"https:\/\/lesnaturalistesdeletoile.com\/wp-content\/uploads\/2018\/01\/Bryologie-2017-Ic\u00f4ne-alpha-G\u00e9menos-1-274x300.jpg 274w, https:\/\/lesnaturalistesdeletoile.com\/wp-content\/uploads\/2018\/01\/Bryologie-2017-Ic\u00f4ne-alpha-G\u00e9menos-1.jpg 406w\" sizes=\"auto, (max-width: 60px) 100vw, 60px\" \/><\/a><\/figure>\n<\/figure>\n<\/td>\n<td style=\"width: 75.1395%;height: 95px\">\n<figure>\n<figure><a href=\"https:\/\/lesnaturalistesdeletoile.com\/wp-content\/uploads\/2019\/10\/2017-01-30-Lichens-G\u00e9menos-St-Pons-New-doc-photos.pdf\" target=\"_blank\" rel=\"noopener\"><img loading=\"lazy\" decoding=\"async\" class=\"aligncenter wp-image-1487\" src=\"https:\/\/lesnaturalistesdeletoile.com\/wp-content\/uploads\/2018\/01\/Bryologie-2017-Ic\u00f4ne-doc-photos-G\u00e9menos-1-294x300.jpg\" alt=\"\" width=\"60\" height=\"61\" srcset=\"https:\/\/lesnaturalistesdeletoile.com\/wp-content\/uploads\/2018\/01\/Bryologie-2017-Ic\u00f4ne-doc-photos-G\u00e9menos-1-294x300.jpg 294w, https:\/\/lesnaturalistesdeletoile.com\/wp-content\/uploads\/2018\/01\/Bryologie-2017-Ic\u00f4ne-doc-photos-G\u00e9menos-1-150x150.jpg 150w, https:\/\/lesnaturalistesdeletoile.com\/wp-content\/uploads\/2018\/01\/Bryologie-2017-Ic\u00f4ne-doc-photos-G\u00e9menos-1.jpg 407w\" sizes=\"auto, (max-width: 60px) 100vw, 60px\" \/><\/a><\/figure>\n<\/figure>\n<\/td>\n<\/tr>\n<tr style=\"height: 131px\">\n<td style=\"width: 23.7209%;height: 131px\">&nbsp;<\/td>\n<td style=\"width: 35.3488%;height: 131px\">12 et 24 janvier 2017<\/td>\n<td style=\"width: 45.372%;height: 131px\">Lichens \u2013 Bormes, ND de Constance (83) &#8211; Lichens sur silice<\/td>\n<td style=\"width: 77.4187%;height: 131px\">\n<figure>\n<figure><a href=\"https:\/\/lesnaturalistesdeletoile.com\/wp-content\/uploads\/2019\/10\/2017-01-24-Inv.-lichens-Bormes-stations.pdf\" target=\"_blank\" rel=\"noopener noreferrer\"><img loading=\"lazy\" decoding=\"async\" class=\"aligncenter wp-image-3749\" src=\"https:\/\/lesnaturalistesdeletoile.com\/wp-content\/uploads\/2019\/10\/Lichens-2017-Ic\u00f4ne-stations-Bormes-278x300.jpg\" alt=\"\" width=\"60\" height=\"65\" srcset=\"https:\/\/lesnaturalistesdeletoile.com\/wp-content\/uploads\/2019\/10\/Lichens-2017-Ic\u00f4ne-stations-Bormes-278x300.jpg 278w, https:\/\/lesnaturalistesdeletoile.com\/wp-content\/uploads\/2019\/10\/Lichens-2017-Ic\u00f4ne-stations-Bormes.jpg 408w\" sizes=\"auto, (max-width: 60px) 100vw, 60px\" \/><\/a><\/figure>\n<\/figure>\n<\/td>\n<td style=\"width: 71.0084%;height: 131px\">\n<figure>\n<figure><a href=\"https:\/\/lesnaturalistesdeletoile.com\/wp-content\/uploads\/2019\/10\/2017-01-24-Inv.-lichens-Bormes-alpha.pdf\" target=\"_blank\" rel=\"noopener noreferrer\"><img loading=\"lazy\" decoding=\"async\" class=\"aligncenter wp-image-3748\" src=\"https:\/\/lesnaturalistesdeletoile.com\/wp-content\/uploads\/2019\/10\/Lichens-2017-Ic\u00f4ne-alpha-Bormes-274x300.jpg\" alt=\"\" width=\"60\" height=\"66\" srcset=\"https:\/\/lesnaturalistesdeletoile.com\/wp-content\/uploads\/2019\/10\/Lichens-2017-Ic\u00f4ne-alpha-Bormes-274x300.jpg 274w, https:\/\/lesnaturalistesdeletoile.com\/wp-content\/uploads\/2019\/10\/Lichens-2017-Ic\u00f4ne-alpha-Bormes.jpg 406w\" sizes=\"auto, (max-width: 60px) 100vw, 60px\" \/><\/a><\/figure>\n<\/figure>\n<\/td>\n<td style=\"width: 75.1395%;height: 131px\">&nbsp;<\/td>\n<\/tr>\n<tr style=\"height: 95px\">\n<td style=\"width: 23.7209%;height: 95px\">&nbsp;<\/td>\n<td style=\"width: 35.3488%;height: 95px\">5 janvier 2017<\/td>\n<td style=\"width: 45.372%;height: 95px\">Lichens &#8211; Anciennes carri\u00e8res de Lamanon (13)<\/td>\n<td style=\"width: 77.4187%;height: 95px\">&nbsp;<\/td>\n<td style=\"width: 71.0084%;height: 95px\">\n<figure>\n<figure><a href=\"https:\/\/lesnaturalistesdeletoile.com\/wp-content\/uploads\/2019\/12\/2017-01-05-Inv.-Lichens-Lamanon-alpha.pdf\" target=\"_blank\" rel=\"noopener\"><img loading=\"lazy\" decoding=\"async\" class=\"aligncenter wp-image-1444\" src=\"https:\/\/lesnaturalistesdeletoile.com\/wp-content\/uploads\/2018\/01\/Lichens-2017-Ic\u00f4ne-alpha-Lamanon-1-274x300.jpg\" alt=\"\" width=\"60\" height=\"66\" srcset=\"https:\/\/lesnaturalistesdeletoile.com\/wp-content\/uploads\/2018\/01\/Lichens-2017-Ic\u00f4ne-alpha-Lamanon-1-274x300.jpg 274w, https:\/\/lesnaturalistesdeletoile.com\/wp-content\/uploads\/2018\/01\/Lichens-2017-Ic\u00f4ne-alpha-Lamanon-1.jpg 406w\" sizes=\"auto, (max-width: 60px) 100vw, 60px\" \/><\/a><\/figure>\n<\/figure>\n<\/td>\n<td style=\"width: 75.1395%;height: 95px\">&nbsp;<\/td>\n<\/tr>\n<tr style=\"height: 149px\">\n<td style=\"width: 23.7209%;height: 149px\"><strong>2016<\/strong><\/td>\n<td style=\"width: 35.3488%;height: 149px\">19 et 22 d\u00e9cembre 2016<\/td>\n<td style=\"width: 45.372%;height: 149px\">Lichens \u2013 Simiane-Collongue (13) &#8211; Domaine des Marres (deuxi\u00e8me sortie)<\/td>\n<td style=\"width: 77.4187%;height: 149px\">\n<figure>\n<figure><a href=\"https:\/\/lesnaturalistesdeletoile.com\/wp-content\/uploads\/2019\/10\/2016-12-22-Inv.-lichens-Simiane-stations.pdf\" target=\"_blank\" rel=\"noopener\"><img loading=\"lazy\" decoding=\"async\" class=\"aligncenter wp-image-1439\" src=\"https:\/\/lesnaturalistesdeletoile.com\/wp-content\/uploads\/2018\/01\/Lichens-2016-Ic\u00f4ne-stations-Simiane-1-278x300.jpg\" alt=\"\" width=\"60\" height=\"65\" srcset=\"https:\/\/lesnaturalistesdeletoile.com\/wp-content\/uploads\/2018\/01\/Lichens-2016-Ic\u00f4ne-stations-Simiane-1-278x300.jpg 278w, https:\/\/lesnaturalistesdeletoile.com\/wp-content\/uploads\/2018\/01\/Lichens-2016-Ic\u00f4ne-stations-Simiane-1.jpg 408w\" sizes=\"auto, (max-width: 60px) 100vw, 60px\" \/><\/a><\/figure>\n<\/figure>\n<\/td>\n<td style=\"width: 71.0084%;height: 149px\">\n<figure>\n<figure><a href=\"https:\/\/lesnaturalistesdeletoile.com\/wp-content\/uploads\/2019\/10\/2016-12-22-Inv.-lichens-Simiane-alpha.pdf\" target=\"_blank\" rel=\"noopener\"><img loading=\"lazy\" decoding=\"async\" class=\"aligncenter wp-image-1434\" src=\"https:\/\/lesnaturalistesdeletoile.com\/wp-content\/uploads\/2018\/01\/Lichens-2016-Ic\u00f4ne-alpha-Simiane-1-274x300.jpg\" alt=\"\" width=\"60\" height=\"66\" srcset=\"https:\/\/lesnaturalistesdeletoile.com\/wp-content\/uploads\/2018\/01\/Lichens-2016-Ic\u00f4ne-alpha-Simiane-1-274x300.jpg 274w, https:\/\/lesnaturalistesdeletoile.com\/wp-content\/uploads\/2018\/01\/Lichens-2016-Ic\u00f4ne-alpha-Simiane-1.jpg 406w\" sizes=\"auto, (max-width: 60px) 100vw, 60px\" \/><\/a><\/figure>\n<\/figure>\n<\/td>\n<td style=\"width: 75.1395%;height: 149px\">\n<figure>\n<figure><a href=\"https:\/\/lesnaturalistesdeletoile.com\/wp-content\/uploads\/2019\/10\/2016-12-22-Lichens-Simiane-doc-photos.pdf\" target=\"_blank\" rel=\"noopener\"><img loading=\"lazy\" decoding=\"async\" class=\"aligncenter wp-image-1437\" src=\"https:\/\/lesnaturalistesdeletoile.com\/wp-content\/uploads\/2018\/01\/Lichens-2016-Ic\u00f4ne-doc-photos-Simiane-1-294x300.jpg\" alt=\"\" width=\"60\" height=\"61\" srcset=\"https:\/\/lesnaturalistesdeletoile.com\/wp-content\/uploads\/2018\/01\/Lichens-2016-Ic\u00f4ne-doc-photos-Simiane-1-294x300.jpg 294w, https:\/\/lesnaturalistesdeletoile.com\/wp-content\/uploads\/2018\/01\/Lichens-2016-Ic\u00f4ne-doc-photos-Simiane-1-150x150.jpg 150w, https:\/\/lesnaturalistesdeletoile.com\/wp-content\/uploads\/2018\/01\/Lichens-2016-Ic\u00f4ne-doc-photos-Simiane-1.jpg 407w\" sizes=\"auto, (max-width: 60px) 100vw, 60px\" \/><\/a><\/figure>\n<\/figure>\n<\/td>\n<\/tr>\n<tr style=\"height: 131px\">\n<td style=\"width: 23.7209%;height: 131px\">&nbsp;<\/td>\n<td style=\"width: 35.3488%;height: 131px\">30 novembre 2016<\/td>\n<td style=\"width: 45.372%;height: 131px\">Lichens (initiation) \u2013 Sainte-Baume (83) &#8211; Plan d\u2019Aups et h\u00eatraie c\u00f4t\u00e9 ouest<\/td>\n<td style=\"width: 77.4187%;height: 131px\">\n<figure>\n<figure><a href=\"https:\/\/lesnaturalistesdeletoile.com\/wp-content\/uploads\/2019\/10\/2016-11-30-Inv.-lichens-Ste-Baume-stations.pdf\" target=\"_blank\" rel=\"noopener\"><img loading=\"lazy\" decoding=\"async\" class=\"aligncenter wp-image-1491\" src=\"https:\/\/lesnaturalistesdeletoile.com\/wp-content\/uploads\/2018\/01\/Lichens-2016-Ic\u00f4ne-stations-Ste-Baume-2-278x300.jpg\" alt=\"\" width=\"60\" height=\"65\" srcset=\"https:\/\/lesnaturalistesdeletoile.com\/wp-content\/uploads\/2018\/01\/Lichens-2016-Ic\u00f4ne-stations-Ste-Baume-2-278x300.jpg 278w, https:\/\/lesnaturalistesdeletoile.com\/wp-content\/uploads\/2018\/01\/Lichens-2016-Ic\u00f4ne-stations-Ste-Baume-2.jpg 408w\" sizes=\"auto, (max-width: 60px) 100vw, 60px\" \/><\/a><\/figure>\n<\/figure>\n<\/td>\n<td style=\"width: 71.0084%;height: 131px\">\n<figure>\n<figure><a href=\"https:\/\/lesnaturalistesdeletoile.com\/wp-content\/uploads\/2019\/10\/2016-11-30-Inv.-lichens-Ste-Baume-alpha.pdf\" target=\"_blank\" rel=\"noopener\"><img loading=\"lazy\" decoding=\"async\" class=\"aligncenter wp-image-1482\" src=\"https:\/\/lesnaturalistesdeletoile.com\/wp-content\/uploads\/2018\/01\/Bryologie-2016-Ic\u00f4ne-alpha-Ste-Baume-1-274x300.jpg\" alt=\"\" width=\"60\" height=\"66\" srcset=\"https:\/\/lesnaturalistesdeletoile.com\/wp-content\/uploads\/2018\/01\/Bryologie-2016-Ic\u00f4ne-alpha-Ste-Baume-1-274x300.jpg 274w, https:\/\/lesnaturalistesdeletoile.com\/wp-content\/uploads\/2018\/01\/Bryologie-2016-Ic\u00f4ne-alpha-Ste-Baume-1.jpg 406w\" sizes=\"auto, (max-width: 60px) 100vw, 60px\" \/><\/a><\/figure>\n<\/figure>\n<\/td>\n<td style=\"width: 75.1395%;height: 131px\">\n<figure>\n<figure><a href=\"https:\/\/lesnaturalistesdeletoile.com\/wp-content\/uploads\/2019\/10\/2016-11-30-Lichens-Ste-Baume-doc-photos.pdf\" target=\"_blank\" rel=\"noopener\"><img loading=\"lazy\" decoding=\"async\" class=\"aligncenter wp-image-1438\" src=\"https:\/\/lesnaturalistesdeletoile.com\/wp-content\/uploads\/2018\/01\/Lichens-2016-Ic\u00f4ne-doc-photos-Ste-Baume-1-294x300.jpg\" alt=\"\" width=\"60\" height=\"61\" srcset=\"https:\/\/lesnaturalistesdeletoile.com\/wp-content\/uploads\/2018\/01\/Lichens-2016-Ic\u00f4ne-doc-photos-Ste-Baume-1-294x300.jpg 294w, https:\/\/lesnaturalistesdeletoile.com\/wp-content\/uploads\/2018\/01\/Lichens-2016-Ic\u00f4ne-doc-photos-Ste-Baume-1-150x150.jpg 150w, https:\/\/lesnaturalistesdeletoile.com\/wp-content\/uploads\/2018\/01\/Lichens-2016-Ic\u00f4ne-doc-photos-Ste-Baume-1.jpg 407w\" sizes=\"auto, (max-width: 60px) 100vw, 60px\" \/><\/a><\/figure>\n<\/figure>\n<\/td>\n<\/tr>\n<tr style=\"height: 95px\">\n<td style=\"width: 23.7209%;height: 95px\"><strong>&nbsp;&nbsp;<\/strong><\/td>\n<td style=\"width: 35.3488%;height: 95px\">15 f\u00e9vrier 2016<\/td>\n<td style=\"width: 45.372%;height: 95px\">Lichens \u2013 St Zacharie (83) &#8211; Source des Nayes<\/td>\n<td style=\"width: 77.4187%;height: 95px\">&nbsp;<\/td>\n<td style=\"width: 71.0084%;height: 95px\">\n<figure>\n<p><a href=\"https:\/\/lesnaturalistesdeletoile.com\/wp-content\/uploads\/2019\/10\/2016-02-15-Inv.-lichens-St-Zacharie-alpha.pdf\" target=\"_blank\" rel=\"noopener noreferrer\"><img loading=\"lazy\" decoding=\"async\" class=\"aligncenter wp-image-1489\" src=\"https:\/\/lesnaturalistesdeletoile.com\/wp-content\/uploads\/2018\/01\/Bryologie-2016-Ic\u00f4ne-alpha-St-Zacharie-1-274x300.jpg\" alt=\"\" width=\"60\" height=\"66\" srcset=\"https:\/\/lesnaturalistesdeletoile.com\/wp-content\/uploads\/2018\/01\/Bryologie-2016-Ic\u00f4ne-alpha-St-Zacharie-1-274x300.jpg 274w, https:\/\/lesnaturalistesdeletoile.com\/wp-content\/uploads\/2018\/01\/Bryologie-2016-Ic\u00f4ne-alpha-St-Zacharie-1.jpg 406w\" sizes=\"auto, (max-width: 60px) 100vw, 60px\" \/><\/a><\/p>\n<\/figure>\n<\/td>\n<td style=\"width: 75.1395%;height: 95px\">&nbsp;<\/td>\n<\/tr>\n<tr style=\"height: 167px\">\n<td style=\"width: 23.7209%;height: 167px\"><strong>2015<\/strong><\/td>\n<td style=\"width: 35.3488%;height: 167px\">18 d\u00e9cembre 2015<\/td>\n<td style=\"width: 45.372%;height: 167px\">Lichens (initiation) &#8211; Simiane-Collongue (13) &#8211; Domaine des Marres (premi\u00e8re sortie)<\/td>\n<td style=\"width: 77.4187%;height: 167px\">\n<figure>\n<figure><a href=\"https:\/\/lesnaturalistesdeletoile.com\/wp-content\/uploads\/2019\/10\/2015-12-18-Inv.-lichens-Simiane-stations.pdf\" target=\"_blank\" rel=\"noopener\"><img loading=\"lazy\" decoding=\"async\" class=\"aligncenter wp-image-1418\" src=\"https:\/\/lesnaturalistesdeletoile.com\/wp-content\/uploads\/2018\/01\/Lichens-2015-Ic\u00f4ne-stations-Simiane-1-278x300.jpg\" alt=\"\" width=\"60\" height=\"65\" srcset=\"https:\/\/lesnaturalistesdeletoile.com\/wp-content\/uploads\/2018\/01\/Lichens-2015-Ic\u00f4ne-stations-Simiane-1-278x300.jpg 278w, https:\/\/lesnaturalistesdeletoile.com\/wp-content\/uploads\/2018\/01\/Lichens-2015-Ic\u00f4ne-stations-Simiane-1.jpg 408w\" sizes=\"auto, (max-width: 60px) 100vw, 60px\" \/><\/a><\/figure>\n<\/figure>\n<\/td>\n<td style=\"width: 71.0084%;height: 167px\">\n<figure>\n<figure><a href=\"https:\/\/lesnaturalistesdeletoile.com\/wp-content\/uploads\/2019\/10\/2015-12-18-Inv.-lichens-Simiane-alpha.pdf\" target=\"_blank\" rel=\"noopener\"><img loading=\"lazy\" decoding=\"async\" class=\"aligncenter wp-image-1420\" src=\"https:\/\/lesnaturalistesdeletoile.com\/wp-content\/uploads\/2018\/01\/Lichens-2015-Ic\u00f4ne-alpha-Simiane-1-274x300.jpg\" alt=\"\" width=\"60\" height=\"66\" srcset=\"https:\/\/lesnaturalistesdeletoile.com\/wp-content\/uploads\/2018\/01\/Lichens-2015-Ic\u00f4ne-alpha-Simiane-1-274x300.jpg 274w, https:\/\/lesnaturalistesdeletoile.com\/wp-content\/uploads\/2018\/01\/Lichens-2015-Ic\u00f4ne-alpha-Simiane-1.jpg 406w\" sizes=\"auto, (max-width: 60px) 100vw, 60px\" \/><\/a><\/figure>\n<\/figure>\n<\/td>\n<td style=\"width: 75.1395%;height: 167px\">&nbsp;<\/td>\n<\/tr>\n<tr style=\"height: 149px\">\n<td style=\"width: 23.7209%;height: 149px\"><strong>&nbsp;&nbsp;<\/strong><\/td>\n<td style=\"width: 35.3488%;height: 149px\">27 octobre 2015<\/td>\n<td style=\"width: 45.372%;height: 149px\">Lichens \u2013 Buoux (84) &#8211; Vallon de l\u2019Aiguebrun, for\u00eat et falaise calcaire (molasse)<\/td>\n<td style=\"width: 77.4187%;height: 149px\">\n<figure>\n<figure><a href=\"https:\/\/lesnaturalistesdeletoile.com\/wp-content\/uploads\/2019\/10\/2015-10-27-Inv.-lichens-Buoux-stations.pdf\" target=\"_blank\" rel=\"noopener\"><img loading=\"lazy\" decoding=\"async\" class=\"aligncenter wp-image-1417\" src=\"https:\/\/lesnaturalistesdeletoile.com\/wp-content\/uploads\/2018\/01\/Lichens-2015-Ic\u00f4ne-stations-Buoux-1-278x300.jpg\" alt=\"\" width=\"60\" height=\"65\" srcset=\"https:\/\/lesnaturalistesdeletoile.com\/wp-content\/uploads\/2018\/01\/Lichens-2015-Ic\u00f4ne-stations-Buoux-1-278x300.jpg 278w, https:\/\/lesnaturalistesdeletoile.com\/wp-content\/uploads\/2018\/01\/Lichens-2015-Ic\u00f4ne-stations-Buoux-1.jpg 408w\" sizes=\"auto, (max-width: 60px) 100vw, 60px\" \/><\/a><\/figure>\n<\/figure>\n<\/td>\n<td style=\"width: 71.0084%;height: 149px\">\n<figure>\n<figure><a href=\"https:\/\/lesnaturalistesdeletoile.com\/wp-content\/uploads\/2019\/10\/2015-10-27-Inv.-lichens-Buoux-alpha.pdf\" target=\"_blank\" rel=\"noopener\"><img loading=\"lazy\" decoding=\"async\" class=\"aligncenter wp-image-1419\" src=\"https:\/\/lesnaturalistesdeletoile.com\/wp-content\/uploads\/2018\/01\/Lichens-2015-Ic\u00f4ne-alpha-Buoux-1-274x300.jpg\" alt=\"\" width=\"60\" height=\"66\" srcset=\"https:\/\/lesnaturalistesdeletoile.com\/wp-content\/uploads\/2018\/01\/Lichens-2015-Ic\u00f4ne-alpha-Buoux-1-274x300.jpg 274w, https:\/\/lesnaturalistesdeletoile.com\/wp-content\/uploads\/2018\/01\/Lichens-2015-Ic\u00f4ne-alpha-Buoux-1.jpg 406w\" sizes=\"auto, (max-width: 60px) 100vw, 60px\" \/><\/a><\/figure>\n<\/figure>\n<\/td>\n<td style=\"width: 75.1395%;height: 149px\">\n<figure>\n<figure><a href=\"https:\/\/lesnaturalistesdeletoile.com\/wp-content\/uploads\/2019\/10\/2015-10-27-Lichens-Buoux-doc-photos.pdf\" target=\"_blank\" rel=\"noopener\"><img loading=\"lazy\" decoding=\"async\" class=\"aligncenter wp-image-1416\" src=\"https:\/\/lesnaturalistesdeletoile.com\/wp-content\/uploads\/2018\/01\/Lichens-2015-Ic\u00f4ne-doc-photos-Buoux-1-294x300.jpg\" alt=\"\" width=\"60\" height=\"61\" srcset=\"https:\/\/lesnaturalistesdeletoile.com\/wp-content\/uploads\/2018\/01\/Lichens-2015-Ic\u00f4ne-doc-photos-Buoux-1-294x300.jpg 294w, https:\/\/lesnaturalistesdeletoile.com\/wp-content\/uploads\/2018\/01\/Lichens-2015-Ic\u00f4ne-doc-photos-Buoux-1-150x150.jpg 150w, https:\/\/lesnaturalistesdeletoile.com\/wp-content\/uploads\/2018\/01\/Lichens-2015-Ic\u00f4ne-doc-photos-Buoux-1.jpg 407w\" sizes=\"auto, (max-width: 60px) 100vw, 60px\" \/><\/a><\/figure>\n<\/figure>\n<\/td>\n<\/tr>\n<\/tbody>\n<\/table><h3>Images li\u00e9es:<\/h3>","protected":false},"excerpt":{"rendered":"<p>&nbsp; &nbsp; Les Naturalistes de l&rsquo;Etoile Comptes-rendus des sorties de Lich\u00e9nologie Les inventaires et documents pr\u00e9sent\u00e9s dans cette rubrique ont \u00e9t\u00e9 r\u00e9alis\u00e9s par des gens passionn\u00e9s. Malgr\u00e9 la rigueur apport\u00e9e \u00e0 leur travail de restitution (apr\u00e8s de nombreuses v\u00e9rifications), il se peut qu\u2019il subsiste des erreurs, ce qui ne serait pas \u00e9tonnant dans une discipline [&hellip;]<\/p>\n","protected":false},"author":2,"featured_media":0,"parent":0,"menu_order":0,"comment_status":"closed","ping_status":"closed","template":"","meta":{"ngg_post_thumbnail":0,"ocean_post_layout":"","ocean_both_sidebars_style":"","ocean_both_sidebars_content_width":0,"ocean_both_sidebars_sidebars_width":0,"ocean_sidebar":"0","ocean_second_sidebar":"0","ocean_disable_margins":"enable","ocean_add_body_class":"","ocean_shortcode_before_top_bar":"","ocean_shortcode_after_top_bar":"","ocean_shortcode_before_header":"","ocean_shortcode_after_header":"","ocean_has_shortcode":"","ocean_shortcode_after_title":"","ocean_shortcode_before_footer_widgets":"","ocean_shortcode_after_footer_widgets":"","ocean_shortcode_before_footer_bottom":"","ocean_shortcode_after_footer_bottom":"","ocean_display_top_bar":"default","ocean_display_header":"default","ocean_header_style":"","ocean_center_header_left_menu":"0","ocean_custom_header_template":"0","ocean_custom_logo":0,"ocean_custom_retina_logo":0,"ocean_custom_logo_max_width":0,"ocean_custom_logo_tablet_max_width":0,"ocean_custom_logo_mobile_max_width":0,"ocean_custom_logo_max_height":0,"ocean_custom_logo_tablet_max_height":0,"ocean_custom_logo_mobile_max_height":0,"ocean_header_custom_menu":"0","ocean_menu_typo_font_family":"0","ocean_menu_typo_font_subset":"","ocean_menu_typo_font_size":0,"ocean_menu_typo_font_size_tablet":0,"ocean_menu_typo_font_size_mobile":0,"ocean_menu_typo_font_size_unit":"px","ocean_menu_typo_font_weight":"","ocean_menu_typo_font_weight_tablet":"","ocean_menu_typo_font_weight_mobile":"","ocean_menu_typo_transform":"","ocean_menu_typo_transform_tablet":"","ocean_menu_typo_transform_mobile":"","ocean_menu_typo_line_height":0,"ocean_menu_typo_line_height_tablet":0,"ocean_menu_typo_line_height_mobile":0,"ocean_menu_typo_line_height_unit":"","ocean_menu_typo_spacing":0,"ocean_menu_typo_spacing_tablet":0,"ocean_menu_typo_spacing_mobile":0,"ocean_menu_typo_spacing_unit":"","ocean_menu_link_color":"","ocean_menu_link_color_hover":"","ocean_menu_link_color_active":"","ocean_menu_link_background":"","ocean_menu_link_hover_background":"","ocean_menu_link_active_background":"","ocean_menu_social_links_bg":"","ocean_menu_social_hover_links_bg":"","ocean_menu_social_links_color":"","ocean_menu_social_hover_links_color":"","ocean_disable_title":"default","ocean_disable_heading":"default","ocean_post_title":"","ocean_post_subheading":"","ocean_post_title_style":"","ocean_post_title_background_color":"","ocean_post_title_background":0,"ocean_post_title_bg_image_position":"","ocean_post_title_bg_image_attachment":"","ocean_post_title_bg_image_repeat":"","ocean_post_title_bg_image_size":"","ocean_post_title_height":0,"ocean_post_title_bg_overlay":0.5,"ocean_post_title_bg_overlay_color":"","ocean_disable_breadcrumbs":"default","ocean_breadcrumbs_color":"","ocean_breadcrumbs_separator_color":"","ocean_breadcrumbs_links_color":"","ocean_breadcrumbs_links_hover_color":"","ocean_display_footer_widgets":"default","ocean_display_footer_bottom":"default","ocean_custom_footer_template":"0","footnotes":""},"class_list":["post-1404","page","type-page","status-publish","hentry","entry"],"aioseo_notices":[],"_links":{"self":[{"href":"https:\/\/lesnaturalistesdeletoile.com\/index.php\/wp-json\/wp\/v2\/pages\/1404","targetHints":{"allow":["GET"]}}],"collection":[{"href":"https:\/\/lesnaturalistesdeletoile.com\/index.php\/wp-json\/wp\/v2\/pages"}],"about":[{"href":"https:\/\/lesnaturalistesdeletoile.com\/index.php\/wp-json\/wp\/v2\/types\/page"}],"author":[{"embeddable":true,"href":"https:\/\/lesnaturalistesdeletoile.com\/index.php\/wp-json\/wp\/v2\/users\/2"}],"replies":[{"embeddable":true,"href":"https:\/\/lesnaturalistesdeletoile.com\/index.php\/wp-json\/wp\/v2\/comments?post=1404"}],"version-history":[{"count":170,"href":"https:\/\/lesnaturalistesdeletoile.com\/index.php\/wp-json\/wp\/v2\/pages\/1404\/revisions"}],"predecessor-version":[{"id":8164,"href":"https:\/\/lesnaturalistesdeletoile.com\/index.php\/wp-json\/wp\/v2\/pages\/1404\/revisions\/8164"}],"wp:attachment":[{"href":"https:\/\/lesnaturalistesdeletoile.com\/index.php\/wp-json\/wp\/v2\/media?parent=1404"}],"curies":[{"name":"wp","href":"https:\/\/api.w.org\/{rel}","templated":true}]}}